{"id":1423,"date":"2014-09-18T13:14:42","date_gmt":"2014-09-18T11:14:42","guid":{"rendered":"http:\/\/www.gkl-rijeka.hr\/wordpress\/?page_id=1423"},"modified":"2016-03-02T20:19:08","modified_gmt":"2016-03-02T18:19:08","slug":"reakcije","status":"publish","type":"page","link":"https:\/\/www.gkl-rijeka.hr\/index.php\/reakcije\/","title":{"rendered":"Reakcije"},"content":{"rendered":"<p>[et_pb_section admin_label=&#8221;section&#8221;][et_pb_row admin_label=&#8221;row&#8221;][et_pb_column type=&#8221;1_3&#8243;][et_pb_testimonial admin_label=&#8221;Testimonial&#8221; author=&#8221;Tajana Ga\u0161parovi\u0107&#8221; company_name=&#8221;Matica hrvatska&#8221; url=&#8221;http:\/\/www.matica.hr\/vijenac\/364\/%C5%A0aroliko%20i%20%C5%A1armantno\/&#8221; url_new_window=&#8221;on&#8221; quote_icon=&#8221;on&#8221; use_background_color=&#8221;on&#8221; background_color=&#8221;#1aaf6f&#8221; background_layout=&#8221;dark&#8221; text_orientation=&#8221;left&#8221; use_border_color=&#8221;off&#8221; border_color=&#8221;#ffffff&#8221; border_style=&#8221;solid&#8221;]<\/p>\n<h3 class=\"naslov\">\u0160aroliko i \u0161armantno<\/h3>\n<p class=\"podnaslov\">Za skladnu uigranost izvedbeno kompleksne predstave zaslu\u017eni su, uz redatelja Mu\u017ei\u0107a, i svi glumci.<\/p>\n<p>[\/et_pb_testimonial][et_pb_testimonial admin_label=&#8221;Testimonial&#8221; author=&#8221;Tajana Ga\u0161parovi\u0107&#8221; company_name=&#8221;Matica hrvatska&#8221; url=&#8221;http:\/\/www.matica.hr\/vijenac\/364\/%C5%A0aroliko%20i%20%C5%A1armantno\/&#8221; url_new_window=&#8221;on&#8221; quote_icon=&#8221;on&#8221; use_background_color=&#8221;on&#8221; background_color=&#8221;#5d159e&#8221; background_layout=&#8221;dark&#8221; text_orientation=&#8221;left&#8221; use_border_color=&#8221;off&#8221; border_color=&#8221;#ffffff&#8221; border_style=&#8221;solid&#8221;]<\/p>\n<h3 class=\"naslov\">O vje\u010dnoj ljubavi<\/h3>\n<p class=\"podnaslov\">Zappia je, kad mu to po\u0111e za rukom, pravi majstor u onome \u0161to nasu\u0161no nedostaje hrvatskome kazali\u0161tu: u inovativnom i nadahnutom dramatur\u0161ko-redateljskom \u010ditanju dramske klasike.<\/p>\n<p>[\/et_pb_testimonial][et_pb_testimonial admin_label=&#8221;Testimonial&#8221; author=&#8221;Kim Cuculi\u0107&#8221; company_name=&#8221;Matica hrvatska&#8221; url=&#8221;http:\/\/www.matica.hr\/vijenac\/469\/Ekolo%C5%A1ki%20osvije%C5%A1tena%20bajka\/&#8221; url_new_window=&#8221;on&#8221; quote_icon=&#8221;on&#8221; use_background_color=&#8221;on&#8221; background_color=&#8221;#c442d6&#8243; background_layout=&#8221;dark&#8221; text_orientation=&#8221;left&#8221; use_border_color=&#8221;off&#8221; border_color=&#8221;#ffffff&#8221; border_style=&#8221;solid&#8221;]<\/p>\n<h3 class=\"naslov\">Ekolo\u0161ki osvije\u0161tena bajka<\/h3>\n<p class=\"podnaslov\">Nakon nekoliko predstava s izrazitim umjetni\u010dkim pretenzijama, Gradsko kazali\u0161te lutaka Rijeka sada je postavilo predstavu u prvom redu namijenjenu najmla\u0111im gledateljima. Ovoga puta na repertoar nije uvr\u0161ten neki svima dobro poznat naslov, nego je kao predlo\u017eak uzeta bajka o siro\u010di\u0107u Smoli\u010deku. Kad bi se tra\u017eio ekvivalent u hrvatskom jeziku, onda bi to bio onaj koji ima <em>smolu<\/em>, peh u \u017eivotu, Pegula\u2026 Kao polazi\u0161te za zgodu o Smoli\u010deku poslu\u017eio je keltski mit o bogu lovaca Cernunnosu, koji je na glavi imao rogove i spa\u0161avao zalutale. Na temelju toga \u010de\u0161ki redatelj Vladimir Zajic napisao je vlastiti tekst, u kojemu Jelen \u2013 Gospodar \u0161ume prihva\u0107a Smoli\u010deka i odgaja ga tako da po\u0161tuje prirodu i sve \u0161to je \u017eivo. Smoli\u010dek u\u010di raspoznavati biljke i koristi se njima u lije\u010denju bolesti, \u010dime je u rije\u010dku predstavu utkana i va\u017ena ekolo\u0161ka poruka.<\/p>\n<p>[\/et_pb_testimonial][et_pb_testimonial admin_label=&#8221;Testimonial&#8221; author=&#8221;Olga Vujovi\u0107&#8221; company_name=&#8221;Matica hrvatska&#8221; url=&#8221;http:\/\/www.matica.hr\/vijenac\/339\/Vragolanove%20vragolije\/&#8221; url_new_window=&#8221;on&#8221; quote_icon=&#8221;on&#8221; use_background_color=&#8221;on&#8221; background_color=&#8221;#d38a41&#8243; background_layout=&#8221;dark&#8221; text_orientation=&#8221;left&#8221; use_border_color=&#8221;off&#8221; border_color=&#8221;#ffffff&#8221; border_style=&#8221;solid&#8221;]<\/p>\n<h3 class=\"naslov\">Vragolanove vragolije<\/h3>\n<p class=\"podnaslov\">Posegnuv\u0161i za Tomom Sawyerom, rije\u010dko Kazali\u0161te lutaka vra\u0107a kultni lik djetinjstva nara\u0161taja prije interneta i mo\u017eemo se nadati da \u0107e ga opet uvrstiti me\u0111u dje\u010dje junake.<\/p>\n<p>[\/et_pb_testimonial][\/et_pb_column][et_pb_column type=&#8221;1_3&#8243;][et_pb_testimonial admin_label=&#8221;Testimonial&#8221; author=&#8221;Kim Cuculi\u0107&#8221; company_name=&#8221;Novi List&#8221; url=&#8221;http:\/\/www.novilist.hr\/Kultura\/Kazaliste\/Ljekoviti-nogopis-postolara-Martina&#8221; url_new_window=&#8221;on&#8221; quote_icon=&#8221;on&#8221; use_background_color=&#8221;on&#8221; background_color=&#8221;#b50d4c&#8221; background_layout=&#8221;dark&#8221; text_orientation=&#8221;left&#8221; use_border_color=&#8221;off&#8221; border_color=&#8221;#ffffff&#8221; border_style=&#8221;solid&#8221;]<\/p>\n<h3>Ljekoviti &#8220;nogopis&#8221; postolara Martina<\/h3>\n<p>Dobro je da je Medve\u0161ekova \u010dudesna pri\u010da, prepuna simbolike i univerzalnih ljudskih vrijednosti, obnovljena \u2013 neki su tu predstavu gledali davno, prije 18 godina, a u me\u0111uvremenu su do\u0161le nove generacije koje bi \u00bbNadpodstolara Martina\u00ab trebale vidjeti.<\/p>\n<p>[\/et_pb_testimonial][et_pb_testimonial admin_label=&#8221;Testimonial&#8221; author=&#8221;Kim Cuculi\u0107&#8221; company_name=&#8221;Novi List&#8221; url=&#8221;http:\/\/www.novilist.hr\/Kultura\/Kazaliste\/Trsatski-zmaj-obogacen-eko-porukom&#8221; url_new_window=&#8221;on&#8221; quote_icon=&#8221;on&#8221; use_background_color=&#8221;on&#8221; background_color=&#8221;#428bca&#8221; background_layout=&#8221;dark&#8221; text_orientation=&#8221;left&#8221; use_border_color=&#8221;off&#8221; border_color=&#8221;#ffffff&#8221; border_style=&#8221;solid&#8221;]<\/p>\n<h3>&#8220;Trsatski zmaj&#8221; oboga\u0107en eko porukom<\/h3>\n<p>U \u00bbTrsatskom zmaju\u00ab lutkari animiraju \u00bbmuppetovski\u00ab oblikovane lutke \u00bbzijevalice\u00ab, a pozornica je napu\u010dena galerijom likova, i to u pomalo karikaturalnom, ali simpati\u010dnom prikazu<\/p>\n<p>[\/et_pb_testimonial][et_pb_testimonial admin_label=&#8221;Testimonial&#8221; author=&#8221;Kim Cuculi\u0107&#8221; company_name=&#8221;Novi List&#8221; url=&#8221;http:\/\/www.novilist.hr\/Vijesti\/Rijeka\/Kultura\/Sezona-otvorena-premijerom-Doktora-Dolittlea&#8221; url_new_window=&#8221;on&#8221; quote_icon=&#8221;on&#8221; use_background_color=&#8221;on&#8221; background_color=&#8221;#1aaf6f&#8221; background_layout=&#8221;dark&#8221; text_orientation=&#8221;left&#8221; use_border_color=&#8221;off&#8221; border_color=&#8221;#ffffff&#8221; border_style=&#8221;solid&#8221;]<\/p>\n<h3>Sezona otvorena premijerom &#8220;Doktora Dolittlea&#8221;<\/h3>\n<p>Premda su \u017eivotinje u prvom planu ove fantasti\u010dne pri\u010de, ona zapravo govori o pravim ljudskim vrijednostima, dok djecu poti\u010de na ljubav prema \u017eivotinjama i istra\u017eivanje svijeta prirode<\/p>\n<p>[\/et_pb_testimonial][et_pb_testimonial admin_label=&#8221;Testimonial&#8221; author=&#8221;Kim Cuculi\u0107&#8221; company_name=&#8221;Novi List&#8221; url=&#8221;http:\/\/www.novilist.hr\/Kultura\/Kazaliste\/Pepeljuga-u-Mrdusi-Donjoj-ili-zasto-je-rijecka-predstava-uzbudila-Sibenik&#8221; url_new_window=&#8221;on&#8221; quote_icon=&#8221;on&#8221; use_background_color=&#8221;on&#8221; background_color=&#8221;#5d159e&#8221; background_layout=&#8221;dark&#8221; text_orientation=&#8221;left&#8221; use_border_color=&#8221;off&#8221; border_color=&#8221;#ffffff&#8221; border_style=&#8221;solid&#8221;]<\/p>\n<h3>Pepeljuga u Mrdu\u0161i Donjoj ili za\u0161to je rije\u010dka predstava uzbudila \u0160ibenik<\/h3>\n<p>Nekada su u kazali\u0161tu sve uloge igrali mu\u0161karci jer je dru\u0161tveno neprihvatljivo bilo da \u017eene glume. Ta kazali\u0161na praksa danas je ogledalo za nove puritance i malogra\u0111ane kojima je neprihvatljivo \u0161to\u0161ta, pojasnila je redateljica Tatjana Mandi\u0107 Rigonat<\/p>\n<p>[\/et_pb_testimonial][\/et_pb_column][et_pb_column type=&#8221;1_3&#8243;][et_pb_testimonial admin_label=&#8221;Testimonial&#8221; author=&#8221;Tatjana Sandalj&#8221; company_name=&#8221;Kazaliste.hr&#8221; url=&#8221;http:\/\/www.kazaliste.hr\/index.php?p=article&amp;id=1908&#8243; url_new_window=&#8221;on&#8221; quote_icon=&#8221;on&#8221; use_background_color=&#8221;on&#8221; background_color=&#8221;#D38A41&#8243; background_layout=&#8221;dark&#8221; text_orientation=&#8221;left&#8221; use_border_color=&#8221;off&#8221; border_color=&#8221;#ffffff&#8221; border_style=&#8221;solid&#8221;]<\/p>\n<h3 class=\"head\">Kockica sa slovom lj<\/h3>\n<p>Nije te\u0161ko zamisliti da je <i>Snje\u017ena kraljica<\/i>, jo\u0161 od kada je objavljena 1845. godine, \u010desto bila postavljana u ku\u0107nom lutkarskom kazali\u0161tu. Onakvom kazali\u0161tu kakvog je njenom autoru Hansu Christianu Andersenu izradio otac i u kojem je mali Andersen o\u017eivljavao Shakespeareove likove. Andersen odavno nije me\u0111u \u017eivima, ku\u0107na su kazali\u0161ta danas rijetka, ali njegovi likovi i danas s pozornica i ekrana prenose poruku vjere u pravdu, istinu i ljepotu te vrijednosti borbe za njih. Fantasti\u010dne mogu\u0107nosti dvo- i trodimenzionalne filmske animacije sve su ve\u0107i izazov za kazali\u0161ne autore, pa je tim zanimljivije gledati kako oni tom izazovu odgovaraju.<\/p>\n<p>[\/et_pb_testimonial][et_pb_testimonial admin_label=&#8221;Testimonial&#8221; author=&#8221;Tatjana Sandalj&#8221; company_name=&#8221;Kazaliste.hr&#8221; url=&#8221;http:\/\/www.kazaliste.hr\/index.php?p=article&amp;id=1729&#8243; url_new_window=&#8221;on&#8221; quote_icon=&#8221;on&#8221; use_background_color=&#8221;on&#8221; background_color=&#8221;#96005a&#8221; background_layout=&#8221;dark&#8221; text_orientation=&#8221;left&#8221; use_border_color=&#8221;off&#8221; border_color=&#8221;#ffffff&#8221; border_style=&#8221;solid&#8221;]<\/p>\n<h3 class=\"head\">Duhovita razigranost<\/h3>\n<p>Rije\u010dkoj publici nedostaju predstave za djecu, a to potvr\u0111uju popunjena gledali\u0161ta na svakoj takvoj gostuju\u0107oj izvedbi. Ako uz to podjetimo i na \u010dinjenicu da su lutke zapravo skup kazali\u0161ni izraz, onda je \u010dudno da ansambl Gradskog kazali\u0161ta lutaka Rijeka, kao jedini rije\u010dki profesionalni ansambl \u010diji je repertoar namijenjen djeci, unato\u010d kombiniranju \u017eanrova u razli\u010ditim prigodama, u polustoljetnoj povijesti \u010de\u0161\u0107e nije posezao za gluma\u010dkim kazali\u0161tem.<\/p>\n<p>[\/et_pb_testimonial][et_pb_testimonial admin_label=&#8221;Testimonial&#8221; author=&#8221;Tatjana Sandalj&#8221; company_name=&#8221;Kazaliste.hr&#8221; url=&#8221;http:\/\/www.kazaliste.hr\/index.php?p=article&amp;id=1586&#8243; url_new_window=&#8221;on&#8221; quote_icon=&#8221;on&#8221; use_background_color=&#8221;on&#8221; background_color=&#8221;#428bca&#8221; background_layout=&#8221;dark&#8221; text_orientation=&#8221;left&#8221; use_border_color=&#8221;off&#8221; border_color=&#8221;#ffffff&#8221; border_style=&#8221;solid&#8221;]<\/p>\n<h3 class=\"head\">Ispisano svjetlom<\/h3>\n<p>Jo\u0161 1997. godine kada su rije\u010dki lutkari prvi put igrali <i>Alisu u zemlji \u010duda<\/i> u dramatizaciji Davora \u017dagara i re\u017eiji Zorana Mu\u017ei\u0107a razmi\u0161ljala sam o njoj kao o sjajnom kazali\u0161nom odgovoru na sva \u010duda kojima nas je s velikog platna ga\u0111ala filmska tehnologija. Tijekom ovih petnaest godina filmska je tehnologija napredovala, \u010duda su jo\u0161 neobi\u010dnija, a rije\u010dka je <i>Alisa<\/i> ostala ista. I jo\u0161 uvijek izgleda jednako dobro, dojmljivo i za\u010dudno.<\/p>\n<p>[\/et_pb_testimonial][et_pb_testimonial admin_label=&#8221;Testimonial&#8221; author=&#8221;Tatjana Sandalj&#8221; company_name=&#8221;Kazaliste.hr&#8221; url=&#8221;http:\/\/www.kazaliste.hr\/index.php?p=article&amp;id=1575&#8243; url_new_window=&#8221;on&#8221; quote_icon=&#8221;on&#8221; use_background_color=&#8221;on&#8221; background_color=&#8221;#b50d4c&#8221; background_layout=&#8221;dark&#8221; text_orientation=&#8221;left&#8221; use_border_color=&#8221;off&#8221; border_color=&#8221;#ffffff&#8221; border_style=&#8221;solid&#8221;]<\/p>\n<h3 class=\"head\">U kuhinjskom raju<\/h3>\n<p>Pri\u010da u kojoj kuhar odlu\u010duje sudjelovati u natjecanju za najbolju pala\u010dinku Petrovi\u0107u omogu\u0107uje igru stvarnim kuhinjskim artiklima, posu\u0111em i namirnicama, u scenografskom okviru prilago\u0111enog kuhinjskog pulta. Pri tom posu\u0111e ostaje alat, a namirnice postaju autenti\u010dni scenski likovi s karakterom, primjerice jaje je grintavo i stalno ljuto, bra\u0161no dobrodu\u0161no&#8230;<\/p>\n<p>[\/et_pb_testimonial][\/et_pb_column][\/et_pb_row][\/et_pb_section]<\/p>\n","protected":false},"excerpt":{"rendered":"<p>[et_pb_section admin_label=&#8221;section&#8221;][et_pb_row admin_label=&#8221;row&#8221;][et_pb_column type=&#8221;1_3&#8243;][et_pb_testimonial admin_label=&#8221;Testimonial&#8221; author=&#8221;Tajana Ga\u0161parovi\u0107&#8221; company_name=&#8221;Matica hrvatska&#8221; url=&#8221;http:\/\/www.matica.hr\/vijenac\/364\/%C5%A0aroliko%20i%20%C5%A1armantno\/&#8221; url_new_window=&#8221;on&#8221; quote_icon=&#8221;on&#8221; use_background_color=&#8221;on&#8221; background_color=&#8221;#1aaf6f&#8221; background_layout=&#8221;dark&#8221; text_orientation=&#8221;left&#8221; use_border_color=&#8221;off&#8221; border_color=&#8221;#ffffff&#8221; border_style=&#8221;solid&#8221;] \u0160aroliko i \u0161armantno Za skladnu uigranost izvedbeno kompleksne predstave zaslu\u017eni su, uz redatelja Mu\u017ei\u0107a, i svi glumci. [\/et_pb_testimonial][et_pb_testimonial admin_label=&#8221;Testimonial&#8221; author=&#8221;Tajana Ga\u0161parovi\u0107&#8221; company_name=&#8221;Matica hrvatska&#8221; url=&#8221;http:\/\/www.matica.hr\/vijenac\/364\/%C5%A0aroliko%20i%20%C5%A1armantno\/&#8221; url_new_window=&#8221;on&#8221; quote_icon=&#8221;on&#8221; use_background_color=&#8221;on&#8221; background_color=&#8221;#5d159e&#8221; background_layout=&#8221;dark&#8221; text_orientation=&#8221;left&#8221; use_border_color=&#8221;off&#8221; border_color=&#8221;#ffffff&#8221; border_style=&#8221;solid&#8221;] O vje\u010dnoj ljubavi [&hellip;]<\/p>\n","protected":false},"author":1,"featured_media":1421,"parent":0,"menu_order":0,"comment_status":"open","ping_status":"open","template":"","meta":{"spay_email":""},"yoast_head":"<!-- This site is optimized with the Yoast SEO plugin v15.1.1 - https:\/\/yoast.com\/wordpress\/plugins\/seo\/ -->\n<meta name=\"robots\" content=\"index, follow, max-snippet:-1, max-image-preview:large, max-video-preview:-1\" \/>\n<link rel=\"canonical\" href=\"https:\/\/www.gkl-rijeka.hr\/index.php\/reakcije\/\" \/>\n<meta property=\"og:locale\" content=\"en_US\" \/>\n<meta property=\"og:type\" content=\"article\" \/>\n<meta property=\"og:title\" content=\"Reakcije - Gradsko kazali\u0161te lutaka Rijeka\" \/>\n<meta property=\"og:description\" content=\"[et_pb_section admin_label=&#8221;section&#8221;][et_pb_row admin_label=&#8221;row&#8221;][et_pb_column type=&#8221;1_3&#8243;][et_pb_testimonial admin_label=&#8221;Testimonial&#8221; author=&#8221;Tajana Ga\u0161parovi\u0107&#8221; company_name=&#8221;Matica hrvatska&#8221; url=&#8221;http:\/\/www.matica.hr\/vijenac\/364\/%C5%A0aroliko%20i%20%C5%A1armantno\/&#8221; url_new_window=&#8221;on&#8221; quote_icon=&#8221;on&#8221; use_background_color=&#8221;on&#8221; background_color=&#8221;#1aaf6f&#8221; background_layout=&#8221;dark&#8221; text_orientation=&#8221;left&#8221; use_border_color=&#8221;off&#8221; border_color=&#8221;#ffffff&#8221; border_style=&#8221;solid&#8221;] \u0160aroliko i \u0161armantno Za skladnu uigranost izvedbeno kompleksne predstave zaslu\u017eni su, uz redatelja Mu\u017ei\u0107a, i svi glumci. [\/et_pb_testimonial][et_pb_testimonial admin_label=&#8221;Testimonial&#8221; author=&#8221;Tajana Ga\u0161parovi\u0107&#8221; company_name=&#8221;Matica hrvatska&#8221; url=&#8221;http:\/\/www.matica.hr\/vijenac\/364\/%C5%A0aroliko%20i%20%C5%A1armantno\/&#8221; url_new_window=&#8221;on&#8221; quote_icon=&#8221;on&#8221; use_background_color=&#8221;on&#8221; background_color=&#8221;#5d159e&#8221; background_layout=&#8221;dark&#8221; text_orientation=&#8221;left&#8221; use_border_color=&#8221;off&#8221; border_color=&#8221;#ffffff&#8221; border_style=&#8221;solid&#8221;] O vje\u010dnoj ljubavi [&hellip;]\" \/>\n<meta property=\"og:url\" content=\"https:\/\/www.gkl-rijeka.hr\/index.php\/reakcije\/\" \/>\n<meta property=\"og:site_name\" content=\"Gradsko kazali\u0161te lutaka Rijeka\" \/>\n<meta property=\"article:publisher\" content=\"https:\/\/www.facebook.com\/gkl.rijeka\" \/>\n<meta property=\"article:modified_time\" content=\"2016-03-02T18:19:08+00:00\" \/>\n<meta property=\"og:image\" content=\"https:\/\/www.gkl-rijeka.hr\/wp-content\/uploads\/2008\/01\/clapping_01.png?wsr\" \/>\n\t<meta property=\"og:image:width\" content=\"193\" \/>\n\t<meta property=\"og:image:height\" content=\"150\" \/>\n<meta property=\"fb:app_id\" content=\"368762594246882\" \/>\n<meta name=\"twitter:card\" content=\"summary\" \/>\n<script type=\"application\/ld+json\" class=\"yoast-schema-graph\">{\"@context\":\"https:\/\/schema.org\",\"@graph\":[{\"@type\":\"Organization\",\"@id\":\"https:\/\/www.gkl-rijeka.hr\/#organization\",\"name\":\"Gradsko kazali\\u0161te lutaka Rijeka\",\"url\":\"https:\/\/www.gkl-rijeka.hr\/\",\"sameAs\":[\"https:\/\/www.facebook.com\/gkl.rijeka\"],\"logo\":{\"@type\":\"ImageObject\",\"@id\":\"https:\/\/www.gkl-rijeka.hr\/#logo\",\"inLanguage\":\"en-US\",\"url\":\"https:\/\/www.gkl-rijeka.hr\/wp-content\/uploads\/2020\/10\/logo_boja_01.png?wsr\",\"width\":209,\"height\":280,\"caption\":\"Gradsko kazali\\u0161te lutaka Rijeka\"},\"image\":{\"@id\":\"https:\/\/www.gkl-rijeka.hr\/#logo\"}},{\"@type\":\"WebSite\",\"@id\":\"https:\/\/www.gkl-rijeka.hr\/#website\",\"url\":\"https:\/\/www.gkl-rijeka.hr\/\",\"name\":\"Gradsko kazali\\u0161te lutaka Rijeka\",\"description\":\"\",\"publisher\":{\"@id\":\"https:\/\/www.gkl-rijeka.hr\/#organization\"},\"potentialAction\":[{\"@type\":\"SearchAction\",\"target\":\"https:\/\/www.gkl-rijeka.hr\/?s={search_term_string}\",\"query-input\":\"required name=search_term_string\"}],\"inLanguage\":\"en-US\"},{\"@type\":\"ImageObject\",\"@id\":\"https:\/\/www.gkl-rijeka.hr\/index.php\/reakcije\/#primaryimage\",\"inLanguage\":\"en-US\",\"url\":\"https:\/\/www.gkl-rijeka.hr\/wp-content\/uploads\/2008\/01\/clapping_01.png?wsr\",\"width\":193,\"height\":150},{\"@type\":\"WebPage\",\"@id\":\"https:\/\/www.gkl-rijeka.hr\/index.php\/reakcije\/#webpage\",\"url\":\"https:\/\/www.gkl-rijeka.hr\/index.php\/reakcije\/\",\"name\":\"Reakcije - Gradsko kazali\\u0161te lutaka Rijeka\",\"isPartOf\":{\"@id\":\"https:\/\/www.gkl-rijeka.hr\/#website\"},\"primaryImageOfPage\":{\"@id\":\"https:\/\/www.gkl-rijeka.hr\/index.php\/reakcije\/#primaryimage\"},\"datePublished\":\"2014-09-18T11:14:42+00:00\",\"dateModified\":\"2016-03-02T18:19:08+00:00\",\"inLanguage\":\"en-US\",\"potentialAction\":[{\"@type\":\"ReadAction\",\"target\":[\"https:\/\/www.gkl-rijeka.hr\/index.php\/reakcije\/\"]}]}]}<\/script>\n<!-- \/ Yoast SEO plugin. -->","_links":{"self":[{"href":"https:\/\/www.gkl-rijeka.hr\/index.php\/wp-json\/wp\/v2\/pages\/1423"}],"collection":[{"href":"https:\/\/www.gkl-rijeka.hr\/index.php\/wp-json\/wp\/v2\/pages"}],"about":[{"href":"https:\/\/www.gkl-rijeka.hr\/index.php\/wp-json\/wp\/v2\/types\/page"}],"author":[{"embeddable":true,"href":"https:\/\/www.gkl-rijeka.hr\/index.php\/wp-json\/wp\/v2\/users\/1"}],"replies":[{"embeddable":true,"href":"https:\/\/www.gkl-rijeka.hr\/index.php\/wp-json\/wp\/v2\/comments?post=1423"}],"version-history":[{"count":10,"href":"https:\/\/www.gkl-rijeka.hr\/index.php\/wp-json\/wp\/v2\/pages\/1423\/revisions"}],"predecessor-version":[{"id":2681,"href":"https:\/\/www.gkl-rijeka.hr\/index.php\/wp-json\/wp\/v2\/pages\/1423\/revisions\/2681"}],"wp:featuredmedia":[{"embeddable":true,"href":"https:\/\/www.gkl-rijeka.hr\/index.php\/wp-json\/wp\/v2\/media\/1421"}],"wp:attachment":[{"href":"https:\/\/www.gkl-rijeka.hr\/index.php\/wp-json\/wp\/v2\/media?parent=1423"}],"curies":[{"name":"wp","href":"https:\/\/api.w.org\/{rel}","templated":true}]}}