{"id":1656,"date":"2015-10-05T10:56:17","date_gmt":"2015-10-05T08:56:17","guid":{"rendered":"http:\/\/www.gkl-rijeka.hr\/wordpress\/?page_id=1656"},"modified":"2026-04-21T09:09:18","modified_gmt":"2026-04-21T09:09:18","slug":"ponude-za-vrtice-i-skole","status":"publish","type":"page","link":"https:\/\/www.gkl-rijeka.hr\/index.php\/ponude-za-vrtice-i-skole\/","title":{"rendered":"Ponude za vrti\u0107e i \u0161kole"},"content":{"rendered":"<p>[et_pb_section admin_label=&#8221;section&#8221;][et_pb_row admin_label=&#8221;row&#8221;][et_pb_column type=&#8221;4_4&#8243;][et_pb_text admin_label=&#8221;naslov&#8221; background_layout=&#8221;light&#8221; text_orientation=&#8221;left&#8221; text_font_size=&#8221;38&#8243; text_text_color=&#8221;#6ec527&#8243; use_border_color=&#8221;off&#8221; border_color=&#8221;#ffffff&#8221; border_style=&#8221;solid&#8221; custom_margin=&#8221;||20px|&#8221; custom_css_main_element=&#8221;font-family: kurale;&#8221;]<\/p>\n<p>\nPonude za vrti\u0107e i \u0161kole<\/p>\n<p>[\/et_pb_text][et_pb_text admin_label=&#8221;Text&#8221; background_layout=&#8221;light&#8221; text_orientation=&#8221;left&#8221; use_border_color=&#8221;off&#8221; border_color=&#8221;#ffffff&#8221; border_style=&#8221;solid&#8221; text_text_color=&#8221;#000000&#8243;]<\/p>\n<div>\n<div>\n<div>\n<div>\n<div>\n<div><\/div>\n<\/div>\n<\/div>\n<\/div>\n<\/div>\n<\/div>\n<p>Pridru\u017eite se nastavku na\u0161e kazali\u0161ne sezone pod motom <strong>\u201eKu\u0107a jezika djetinjstva\u201d<\/strong>!<\/p>\n<p>\u010cekamo vas i veselimo se na\u0161im proljetnim lutkarskim dru\u017eenjima!<\/p>\n<p><strong>Slobodni termini za organizirani posjet vrti\u0107a i \u0161kola Gradskom kazali\u0161tu lutaka Rijeka za travanj, svibanj i lipanj 2026. godine su:&nbsp;<\/strong><\/p>\n<p><strong>Ivana \u0110ula i Milica Sinkauz (po motivima romana Waldemara Bonselsa):<em> P\u010cELICA MAJA, <\/em>redateljica Renata Carola Gatica<\/strong><\/p>\n<ul>\n<li>Ponedjeljak, 4. svibnja 2026. u 9:30 i 11:00 sati<\/li>\n<li>Utorak, 5. svibnja 2026. u 11:00 sati<\/li>\n<li>\u010cetvrtak, 7. svibnja 2026. u 9:30 i 11:00 sati<\/li>\n<li>Petak, 15. svibnja 2026. u 11:00 sati<\/li>\n<\/ul>\n<p><strong>&nbsp;<\/strong><\/p>\n<p><strong>Enes Ki\u0161evi\u0107: <em>KOKA KOKONE<\/em>, redatelj Robert Waltl<\/strong><\/p>\n<ul>\n<li>Srijeda, 20. svibnja 2026. u 9:30 sati<\/li>\n<li>Petak, 22. svibnja 2026. u 9:30 i 11:00 sati<\/li>\n<li>Utorak, 26. svibnja 2026. u 9:30 i 11:00 sati<\/li>\n<li>Srijeda, 27. svibnja 2026. u 9:30 i 11:00 sati<\/li>\n<\/ul>\n<p><strong>&nbsp;<\/strong><\/p>\n<p><strong>Matija Solce: <em>BOMBONIERA VARIETE!<\/em>, redatelj Matija Solce<\/strong><\/p>\n<ul>\n<li>Ponedjeljak, 1. lipnja 2026. u 10:00 sati<\/li>\n<li>Utorak, 2. lipnja 2026. u 10:00 sati<\/li>\n<li>Srijeda, 3. lipnja 2026. u 10:00 sati<\/li>\n<li>Petak, 5. lipnja 2026. u 10:00 sati<\/li>\n<\/ul>\n<p><strong>&nbsp;<\/strong><\/p>\n<p><strong>Predstave se odr\u017eavaju u Gradskom kazali\u0161tu lutaka Rijeka (Bla\u017ea Poli\u0107a 6, Rijeka).<\/strong><\/p>\n<p><strong>Sve o predstavama dostupno je na na\u0161oj web stranici <\/strong><a href=\"http:\/\/www.gkl-rijeka.hr\">www.gkl-rijeka.hr<\/a><\/p>\n<p>Za rezervaciju termina za organizirani dolazak, kao i za sve upite o suradnji, molimo da kontaktirate Propagandu na <a href=\"mailto:propaganda@gkl-rijeka.hr\">propaganda@gkl-rijeka.hr<\/a>, <strong>051 325 688, 051 325 680 i 091 325 6817. <\/strong><\/p>\n<p><strong>Cijena ulaznice za organizirani posjet Kazali\u0161tu iznosi 4,00 eura. <\/strong><\/p>\n<p>_______________________________________________________________________________________________________________________________________<\/p>\n<p>Kontakt za rezervacije<\/p>\n<div>\n<div>\n<div>\n<div>\n<p>Tel. 051\/325 688<\/p>\n<p>E-mail <a href=\"mailto:propaganda@gkl-rijeka.hr\">propaganda@gkl-rijeka.hr<\/a><\/p>\n<\/div>\n<\/div>\n<\/div>\n<div class=\"et-pb-option\"><\/div>\n<div class=\"et-pb-option\">\n<p>&nbsp;<\/p>\n<div class=\"et-pb-option-container\">\n<p>&nbsp;<\/p>\n<\/div>\n<\/div>\n<\/div>\n<div class=\"et-pb-options-tab et-pb-options-tab-advanced\">\n<div class=\"et-pb-option\">\n<div class=\"et-pb-option-container\">\n<p><!-- .et_builder_font_styles --><input id=\"et_pb_text_font\" class=\"et-pb-main-setting regular-text et-pb-font-select\" name=\"et_pb_text_font\" type=\"hidden\" value=\"\"><\/p>\n<\/div>\n<p><!-- .et-pb-option-container --><\/p>\n<\/div>\n<div class=\"et-pb-option\">\n<div class=\"et-pb-option-container\">\n<div class=\"et-pb-custom-color-container et_pb_hidden\">\n<p><input id=\"et_pb_text_text_color\" class=\"et-pb-main-setting et-pb-custom-color-picker\" type=\"hidden\" value=\"#000000\"><\/p>\n<\/div>\n<p><!-- .et-pb-custom-color-container --><\/p>\n<\/div>\n<p><!-- .et-pb-option-container --><\/p>\n<\/div>\n<p><!-- .et-pb-option --><\/p>\n<div class=\"et-pb-option\"><\/div>\n<div class=\"et-pb-option\">\n<div class=\"et-pb-option-container\"><input id=\"et_pb_text_line_height\" class=\"regular-text et-pb-range-input\" type=\"text\" value=\"1.7em\" data-default=\"1.7em\"><\/div>\n<p><!-- .et-pb-option-container --><\/p>\n<p><input class=\"button button-upload et-pb-upload-button\" type=\"button\" value=\"Upload an image\" data-choose=\"Choose a Background Image\" data-update=\"Set As Background\" data-type=\"image\"><\/p>\n<\/div>\n<div class=\"et-pb-option\">\n<p><!-- .et-pb-option-container --><\/p>\n<\/div>\n<div class=\"et-pb-option et-pb-depends\">\n<div class=\"et-pb-option-container\"><input id=\"et_pb_border_width\" class=\"regular-text et-pb-range-input\" type=\"text\" value=\"1px\" data-default=\"1px\"><\/div>\n<p><!-- .et-pb-option-container --><\/p>\n<\/div>\n<div class=\"et-pb-option et-pb-depends\">\n<p><input class=\"et_custom_margin et_custom_margin_bottom auto_important\" type=\"text\"><\/p>\n<\/div>\n<div class=\"et-pb-option\">\n<div class=\"et-pb-option-container\">\n<div class=\"et_custom_margin_padding\"><label>&nbsp;<input class=\"et_custom_margin et_custom_margin_left auto_important\" type=\"text\"><\/label><br \/>\n<input id=\"et_pb_custom_margin\" class=\"et-pb-main-setting et_custom_margin_main\" name=\"et_pb_custom_margin\" type=\"hidden\" value=\"\" data-default=\"\"><\/div>\n<p><!-- .et_custom_margin_padding --><\/p>\n<\/div>\n<\/div>\n<div class=\"et-pb-option\">\n<div class=\"et-pb-option-container\">\n<p><!-- .et_custom_margin_padding --><\/p>\n<\/div>\n<p><!-- .et-pb-option-container --><\/p>\n<\/div>\n<p><!-- .et-pb-option --><\/p>\n<\/div>\n<p><!-- .et-pb-options-tab_custom_css --><\/p>\n<p>[\/et_pb_text][\/et_pb_column][\/et_pb_row][et_pb_row admin_label=&#8221;Row&#8221;][et_pb_column type=&#8221;4_4&#8243;][et_pb_gallery admin_label=&#8221;Gallery&#8221; gallery_ids=&#8221;2887,2890&#8243; fullwidth=&#8221;on&#8221; posts_number=&#8221;1&#8243; show_title_and_caption=&#8221;off&#8221; show_pagination=&#8221;off&#8221; background_layout=&#8221;light&#8221; auto=&#8221;on&#8221; auto_speed=&#8221;4000&#8243; hover_overlay_color=&#8221;rgba(255,255,255,0.9)&#8221; caption_all_caps=&#8221;off&#8221; use_border_color=&#8221;off&#8221; border_color=&#8221;#ffffff&#8221; border_style=&#8221;solid&#8221; custom_css_main_element=&#8221;bottom-margin: 200px;&#8221;]<\/p>\n<p>\n&nbsp;<\/p>\n<p>[\/et_pb_gallery][et_pb_divider admin_label=&#8221;Divider&#8221; color=&#8221;#ffffff&#8221; show_divider=&#8221;off&#8221; height=&#8221;50&#8243; divider_style=&#8221;solid&#8221; divider_position=&#8221;top&#8221; hide_on_mobile=&#8221;on&#8221;]<\/p>\n<p>\n&nbsp;<\/p>\n<p>[\/et_pb_divider][\/et_pb_column][\/et_pb_row][\/et_pb_section]<\/p>\n","protected":false},"excerpt":{"rendered":"<p>[et_pb_section admin_label=&#8221;section&#8221;][et_pb_row admin_label=&#8221;row&#8221;][et_pb_column type=&#8221;4_4&#8243;][et_pb_text admin_label=&#8221;naslov&#8221; background_layout=&#8221;light&#8221; text_orientation=&#8221;left&#8221; text_font_size=&#8221;38&#8243; text_text_color=&#8221;#6ec527&#8243; use_border_color=&#8221;off&#8221; border_color=&#8221;#ffffff&#8221; border_style=&#8221;solid&#8221; custom_margin=&#8221;||20px|&#8221; custom_css_main_element=&#8221;font-family: kurale;&#8221;] Ponude za vrti\u0107e i \u0161kole [\/et_pb_text][et_pb_text admin_label=&#8221;Text&#8221; background_layout=&#8221;light&#8221; text_orientation=&#8221;left&#8221; use_border_color=&#8221;off&#8221; border_color=&#8221;#ffffff&#8221; border_style=&#8221;solid&#8221; text_text_color=&#8221;#000000&#8243;] Pridru\u017eite se nastavku na\u0161e kazali\u0161ne sezone pod motom \u201eKu\u0107a jezika djetinjstva\u201d! \u010cekamo vas i veselimo se na\u0161im proljetnim lutkarskim dru\u017eenjima! Slobodni termini za organizirani posjet vrti\u0107a i [&hellip;]<\/p>\n","protected":false},"author":1,"featured_media":0,"parent":0,"menu_order":0,"comment_status":"closed","ping_status":"closed","template":"","meta":{"spay_email":""},"yoast_head":"<!-- This site is optimized with the Yoast SEO plugin v15.1.1 - https:\/\/yoast.com\/wordpress\/plugins\/seo\/ -->\n<meta name=\"robots\" content=\"index, follow, max-snippet:-1, max-image-preview:large, max-video-preview:-1\" \/>\n<link rel=\"canonical\" href=\"https:\/\/www.gkl-rijeka.hr\/index.php\/ponude-za-vrtice-i-skole\/\" \/>\n<meta property=\"og:locale\" content=\"en_US\" \/>\n<meta property=\"og:type\" content=\"article\" \/>\n<meta property=\"og:title\" content=\"Ponude za vrti\u0107e i \u0161kole - Gradsko kazali\u0161te lutaka Rijeka\" \/>\n<meta property=\"og:description\" content=\"[et_pb_section admin_label=&#8221;section&#8221;][et_pb_row admin_label=&#8221;row&#8221;][et_pb_column type=&#8221;4_4&#8243;][et_pb_text admin_label=&#8221;naslov&#8221; background_layout=&#8221;light&#8221; text_orientation=&#8221;left&#8221; text_font_size=&#8221;38&#8243; text_text_color=&#8221;#6ec527&#8243; use_border_color=&#8221;off&#8221; border_color=&#8221;#ffffff&#8221; border_style=&#8221;solid&#8221; custom_margin=&#8221;||20px|&#8221; custom_css_main_element=&#8221;font-family: kurale;&#8221;] Ponude za vrti\u0107e i \u0161kole [\/et_pb_text][et_pb_text admin_label=&#8221;Text&#8221; background_layout=&#8221;light&#8221; text_orientation=&#8221;left&#8221; use_border_color=&#8221;off&#8221; border_color=&#8221;#ffffff&#8221; border_style=&#8221;solid&#8221; text_text_color=&#8221;#000000&#8243;] Pridru\u017eite se nastavku na\u0161e kazali\u0161ne sezone pod motom \u201eKu\u0107a jezika djetinjstva\u201d! \u010cekamo vas i veselimo se na\u0161im proljetnim lutkarskim dru\u017eenjima! Slobodni termini za organizirani posjet vrti\u0107a i [&hellip;]\" \/>\n<meta property=\"og:url\" content=\"https:\/\/www.gkl-rijeka.hr\/index.php\/ponude-za-vrtice-i-skole\/\" \/>\n<meta property=\"og:site_name\" content=\"Gradsko kazali\u0161te lutaka Rijeka\" \/>\n<meta property=\"article:publisher\" content=\"https:\/\/www.facebook.com\/gkl.rijeka\" \/>\n<meta property=\"article:modified_time\" content=\"2026-04-21T09:09:18+00:00\" \/>\n<meta property=\"og:image\" content=\"https:\/\/www.gkl-rijeka.hr\/wp-content\/uploads\/2020\/10\/promocije.jpg?wsr\" \/>\n\t<meta property=\"og:image:width\" content=\"1920\" \/>\n\t<meta property=\"og:image:height\" content=\"1059\" \/>\n<meta property=\"fb:app_id\" content=\"368762594246882\" \/>\n<meta name=\"twitter:card\" content=\"summary\" \/>\n<script type=\"application\/ld+json\" class=\"yoast-schema-graph\">{\"@context\":\"https:\/\/schema.org\",\"@graph\":[{\"@type\":\"Organization\",\"@id\":\"https:\/\/www.gkl-rijeka.hr\/#organization\",\"name\":\"Gradsko kazali\\u0161te lutaka Rijeka\",\"url\":\"https:\/\/www.gkl-rijeka.hr\/\",\"sameAs\":[\"https:\/\/www.facebook.com\/gkl.rijeka\"],\"logo\":{\"@type\":\"ImageObject\",\"@id\":\"https:\/\/www.gkl-rijeka.hr\/#logo\",\"inLanguage\":\"en-US\",\"url\":\"https:\/\/www.gkl-rijeka.hr\/wp-content\/uploads\/2020\/10\/logo_boja_01.png?wsr\",\"width\":209,\"height\":280,\"caption\":\"Gradsko kazali\\u0161te lutaka Rijeka\"},\"image\":{\"@id\":\"https:\/\/www.gkl-rijeka.hr\/#logo\"}},{\"@type\":\"WebSite\",\"@id\":\"https:\/\/www.gkl-rijeka.hr\/#website\",\"url\":\"https:\/\/www.gkl-rijeka.hr\/\",\"name\":\"Gradsko kazali\\u0161te lutaka Rijeka\",\"description\":\"\",\"publisher\":{\"@id\":\"https:\/\/www.gkl-rijeka.hr\/#organization\"},\"potentialAction\":[{\"@type\":\"SearchAction\",\"target\":\"https:\/\/www.gkl-rijeka.hr\/?s={search_term_string}\",\"query-input\":\"required name=search_term_string\"}],\"inLanguage\":\"en-US\"},{\"@type\":\"WebPage\",\"@id\":\"https:\/\/www.gkl-rijeka.hr\/index.php\/ponude-za-vrtice-i-skole\/#webpage\",\"url\":\"https:\/\/www.gkl-rijeka.hr\/index.php\/ponude-za-vrtice-i-skole\/\",\"name\":\"Ponude za vrti\\u0107e i \\u0161kole - Gradsko kazali\\u0161te lutaka Rijeka\",\"isPartOf\":{\"@id\":\"https:\/\/www.gkl-rijeka.hr\/#website\"},\"datePublished\":\"2015-10-05T08:56:17+00:00\",\"dateModified\":\"2026-04-21T09:09:18+00:00\",\"inLanguage\":\"en-US\",\"potentialAction\":[{\"@type\":\"ReadAction\",\"target\":[\"https:\/\/www.gkl-rijeka.hr\/index.php\/ponude-za-vrtice-i-skole\/\"]}]}]}<\/script>\n<!-- \/ Yoast SEO plugin. -->","_links":{"self":[{"href":"https:\/\/www.gkl-rijeka.hr\/index.php\/wp-json\/wp\/v2\/pages\/1656"}],"collection":[{"href":"https:\/\/www.gkl-rijeka.hr\/index.php\/wp-json\/wp\/v2\/pages"}],"about":[{"href":"https:\/\/www.gkl-rijeka.hr\/index.php\/wp-json\/wp\/v2\/types\/page"}],"author":[{"embeddable":true,"href":"https:\/\/www.gkl-rijeka.hr\/index.php\/wp-json\/wp\/v2\/users\/1"}],"replies":[{"embeddable":true,"href":"https:\/\/www.gkl-rijeka.hr\/index.php\/wp-json\/wp\/v2\/comments?post=1656"}],"version-history":[{"count":115,"href":"https:\/\/www.gkl-rijeka.hr\/index.php\/wp-json\/wp\/v2\/pages\/1656\/revisions"}],"predecessor-version":[{"id":17749,"href":"https:\/\/www.gkl-rijeka.hr\/index.php\/wp-json\/wp\/v2\/pages\/1656\/revisions\/17749"}],"wp:attachment":[{"href":"https:\/\/www.gkl-rijeka.hr\/index.php\/wp-json\/wp\/v2\/media?parent=1656"}],"curies":[{"name":"wp","href":"https:\/\/api.w.org\/{rel}","templated":true}]}}