{"id":1672,"date":"2015-10-05T11:11:47","date_gmt":"2015-10-05T09:11:47","guid":{"rendered":"http:\/\/www.gkl-rijeka.hr\/wordpress\/?page_id=1672"},"modified":"2026-02-19T14:34:04","modified_gmt":"2026-02-19T14:34:04","slug":"ansambl-i-djelatnici","status":"publish","type":"page","link":"https:\/\/www.gkl-rijeka.hr\/index.php\/ansambl-i-djelatnici\/","title":{"rendered":"Ansambl i djelatnici"},"content":{"rendered":"<p>[et_pb_section admin_label=&#8221;section&#8221;][et_pb_row admin_label=&#8221;Row&#8221;][et_pb_column type=&#8221;4_4&#8243;][et_pb_text admin_label=&#8221;Ansambl naslov&#8221; background_layout=&#8221;light&#8221; text_orientation=&#8221;left&#8221; text_font_size=&#8221;38&#8243; text_text_color=&#8221;#6ec527&#8243; use_border_color=&#8221;off&#8221; border_color=&#8221;#ffffff&#8221; border_style=&#8221;solid&#8221; custom_margin=&#8221;||50px|&#8221; custom_css_main_element=&#8221;font-family: kurale;&#8221;]<\/p>\n<p>Ansambl<\/p>\n<p>[\/et_pb_text][et_pb_toggle admin_label=&#8221;Alex \u0110akovi\u0107&#8221; title=&#8221;Alex \u0110akovi\u0107&#8221; open=&#8221;off&#8221; use_border_color=&#8221;off&#8221; border_color=&#8221;#ffffff&#8221; border_style=&#8221;solid&#8221; closed_toggle_background_color=&#8221;#ffffff&#8221; icon_color=&#8221;#6ec527&#8243; custom_padding=&#8221;25px|25px|25px|25px&#8221;]<\/p>\n<h5 class=\"et_pb_member_position\"><img loading=\"lazy\" class=\" wp-image-2181 alignleft\" src=\"http:\/\/www.gkl-rijeka.hr\/wp-content\/uploads\/2015\/12\/IMG_9501-400x300.jpg\" alt=\"IMG_9501\" width=\"353\" height=\"264\" \/><\/h5>\n<h5 class=\"et_pb_member_position\">Glumac &#8211; lutkar<\/h5>\n<p><strong>Datum ro\u0111enja:<\/strong> 25. kolovoza 1971.<\/p>\n<p><strong>Radno iskustvo:\u00a0<\/strong>Od 1994. se profesionalno bavi glumom, sudjeluje u predstavama Gradskog kazali\u0161ta lutaka Rijeka, HNK Ivana pl. Zajca kao vanjski suradnik. Jedan je od suosniva\u010da tranzicijsko \u2013 fikcijskog kazali\u0161ta TRAFIK. 2004. stupa u radni odnos u HNK Ivana pl. Zajca i postaje \u010dlanom ansambla Hrvatske drame (cca. 25 premijera). 2007. prelazi u ansambl Gradskog kazali\u0161ta lutaka Rijeka gdje radi u ve\u0107ini predstava. S Davidom<br \/>\nPetrovi\u0107em postavlja u GKL-u autorski projekt, predstavu \u201cTrsatski zmaj\u201d<img loading=\"lazy\" class=\" wp-image-2180 alignright\" src=\"http:\/\/www.gkl-rijeka.hr\/wp-content\/uploads\/2015\/12\/IMG_9496-400x300.jpg\" alt=\"IMG_9496\" width=\"368\" height=\"276\" \/><\/p>\n<p><strong>Obrazovanje:\u00a0<\/strong>Pismen.<\/p>\n<p><strong>Nagrada:<\/strong><br \/>\n2007. na SLUK-u u Splitu za najbolju animaciju i gluma\u010dku kreaciju u predstavi \u201eSedam kozlini i samo jedan bedni vuk\u201d u re\u017eiji Zorana Mu\u017ei\u0107a za ulogu Vuka<\/p>\n<p>[\/et_pb_toggle][et_pb_toggle admin_label=&#8221;Karin Frohlich&#8221; title=&#8221;Karin Frohlich&#8221; open=&#8221;off&#8221; use_border_color=&#8221;off&#8221; border_color=&#8221;#ffffff&#8221; border_style=&#8221;solid&#8221; closed_toggle_background_color=&#8221;#ffffff&#8221; icon_color=&#8221;#6ec527&#8243; custom_padding=&#8221;25px|25px|25px|25px&#8221;]<\/p>\n<h5><img loading=\"lazy\" class=\" wp-image-2178 alignright\" src=\"http:\/\/www.gkl-rijeka.hr\/wp-content\/uploads\/2015\/12\/IMG_9334-400x300.jpg\" alt=\"IMG_9334\" width=\"366\" height=\"274\" \/><\/h5>\n<h5 class=\"et_pb_member_position\">Glumica &#8211; lutkarica<\/h5>\n<p><strong>Datum ro\u0111enja:<\/strong> 26.11.1972 Tanzanija, Afrika<\/p>\n<p><strong>Radno iskustvo:\u00a0<\/strong>1976.god. vra\u0107a se u Hrvatsku, Viroviticu, gdje kao dijete po\u010dinje glumiti uz baku i djeda u Kazali\u0161tu Virovitica. Krajem 1991. god. radi na radio postaji kao voditelj, urednik i novinar, te sura\u0111uje kao koreograf i asistent re\u017eije na snimanju video spotova.<\/p>\n<p><a href=\"http:\/\/www.gkl-rijeka.hr\/wp-content\/uploads\/2015\/12\/IMG_9349.jpg\"><img loading=\"lazy\" class=\"alignleft wp-image-2185 \" src=\"http:\/\/www.gkl-rijeka.hr\/wp-content\/uploads\/2015\/12\/IMG_9349-683x1024.jpg\" alt=\"IMG_9349\" width=\"353\" height=\"529\" srcset=\"https:\/\/www.gkl-rijeka.hr\/wp-content\/uploads\/2015\/12\/IMG_9349-683x1024.jpg 683w, https:\/\/www.gkl-rijeka.hr\/wp-content\/uploads\/2015\/12\/IMG_9349-1280x1920.jpg 1280w, https:\/\/www.gkl-rijeka.hr\/wp-content\/uploads\/2015\/12\/IMG_9349-133x200.jpg 133w, https:\/\/www.gkl-rijeka.hr\/wp-content\/uploads\/2015\/12\/IMG_9349-600x900.jpg 600w, https:\/\/www.gkl-rijeka.hr\/wp-content\/uploads\/2015\/12\/IMG_9349-1080x1620.jpg 1080w\" sizes=\"(max-width: 353px) 100vw, 353px\" \/><\/a>Od 1993.god. anga\u017eirana je kao glumica u Gradskom kazali\u0161tu lutaka Rijeka, u HNK Ivana pl. Zajca, Akademskoj sceni \u201cArka\u201d, u Scenskoj radionoci \u201cPorat\u201d, te u Udruzi za scensku umjetnost \u201cSedam\u201d. Sudjelovala u me\u0111unarodnoj dramskoj koloniji \u201cOd teksta do predstave\u201d u Motovunu. Radila kao koreograf u Gradskom kazali\u0161tu lutaka Rijeka, zatim za nastupe pojedinih izvo\u0111a\u010da na festivalima \u201cMelodije Kvarnera\u201d i \u201cDora\u201d te kao koreograf i asistent za scenski pokret u studijskom zboru mladih \u201cSezam\u201d za rock operu \u201cCrno \u2013 bijeli svijet\u201d. Anga\u017eirana kao \u010dlan Dr\u017eavnog povjerenstva (\u017dupanijski izbornik) za dramski izraz Hrvatskih \u0161kolskih susreta LIDRANO.<\/p>\n<p>Dugogodi\u0161nji \u010dlan udru\u017eenja Hrvatskog dru\u0161tva dramskih umjetnika, Hrvatskog centra ITI-UNESCO, Hrvatskog centra UNIMA, Tranzicijskog izvedbenog kazali\u0161ta \u201cTrafik\u201d.<\/p>\n<p><strong>Obrazovanje:<\/strong><\/p>\n<p>Diplomirala na Filozofskom fakultetu u Rijeci \u2013 studij pred\u0161kolski odgoj.<\/p>\n<p><strong>Nagrade:<\/strong><\/p>\n<p>2002.godine \u201d Naj, Naj, Naj Festival\u201d, nagrada za najbolju \u017eensku ulogu u mjuziklu \u201d Je\u017eeva Ku\u0107ica\u201d.<\/p>\n<p>2003.godine \u201cSLUK\u201d, nagrada za animaciju i gluma\u010dku kreaciju u predstavi \u201d Damjanovo Jezero\u201d.<\/p>\n<p>2003.godine nominacija za najbolje gluma\u010dko ostvarenje u lutkarskim predstavama i predstavama za djecu i mlade\u017e \u2013 \u017eenska uloga \u2013 predstava \u201d Damjanovo jezero\u201d.<\/p>\n<p>[\/et_pb_toggle][et_pb_toggle admin_label=&#8221;David Petrovi\u0107&#8221; title=&#8221;David Petrovi\u0107&#8221; open=&#8221;off&#8221; use_border_color=&#8221;off&#8221; border_color=&#8221;#ffffff&#8221; border_style=&#8221;solid&#8221; closed_toggle_background_color=&#8221;#ffffff&#8221; icon_color=&#8221;#6ec527&#8243; custom_padding=&#8221;25px|25px|25px|25px&#8221;]<\/p>\n<h5><img loading=\"lazy\" class=\"alignnone wp-image-6934\" src=\"http:\/\/www.gkl-rijeka.hr\/wp-content\/uploads\/2019\/06\/David010-1024x683.jpg\" alt=\"\" width=\"365\" height=\"243\" srcset=\"https:\/\/www.gkl-rijeka.hr\/wp-content\/uploads\/2019\/06\/David010-1024x683.jpg 1024w, https:\/\/www.gkl-rijeka.hr\/wp-content\/uploads\/2019\/06\/David010-800x533.jpg 800w, https:\/\/www.gkl-rijeka.hr\/wp-content\/uploads\/2019\/06\/David010-1080x720.jpg 1080w, https:\/\/www.gkl-rijeka.hr\/wp-content\/uploads\/2019\/06\/David010.jpg 1500w\" sizes=\"(max-width: 365px) 100vw, 365px\" \/><\/h5>\n<h5>Glumac- lutkar<\/h5>\n<p><strong>Datum ro\u0111enja:<\/strong> 26.03.1986. Rijeka<\/p>\n<p>David Petrovi\u0107 je glumac-lutkar, nositelj glavnih uloga u Gradskom kazalis\u030ctu lutaka Rijeka od 2004. godine. Struc\u030cno usavrs\u030cavanje zavrs\u030cio je u Charleville Mezieresu (Francuska) 2011.g. na radionici &#8220;Punch and Judy&#8221;. Godine 2019. u Galwayu sudjeluje na radionici multisenzornog kazalis\u030cta pod nazivom &#8220;Hear Our Voice&#8221; umjetnika Tima Webba. U produkciji GKL Rijeka postavio je \u010detiri autorske predstave; &#8220;Palac\u030cinka mog z\u030civota&#8221;, &#8220;Beba Bebac\u030c&#8221;, &#8220;Mrljek i Prljek&#8221; te sa Alexom \u0110akovi\u0107em &#8220;Trsatski zmaj&#8221;. Dobitnik je 14 strukovnih nagrada za animaciju i glumu na festivalima &#8220;SLUK&#8221;, &#8220;PIF&#8221;, &#8220;Mali Marulic\u0301&#8221;, &#8220;Assitej&#8221;, &#8220;Zlatna iskra(SRB)&#8221;. Autor je kratkometraz\u030cnog filma &#8220;Klaun&#8221; koji je na 45. KRAFU 2014. nagra\u0111en za najbolji film po ocjeni publike i za najbolju kameru. Za svoj debitantski glazbeni spot &#8220;Raindrop shadow&#8221; grupe Sunshine Madness u tehnici stop animacije osvaja nagradu na Ri Rocku 2018. Autor i redatelj 4 predstave za odrasle u produkciji Ri Teatra, od kojih su &#8220;Smrad&#8221; i &#8220;Dnevnik nogometas\u030ca&#8221; nagra\u0111eni kao najbolje komedije po ocjeni publike. Godine 2017. ostvaruje suradnju s umjetnic\u030ckom organizacijom &#8220;Studio Maraton&#8221; s autorskim projektom &#8220;Magic Musical&#8221; koji je izveden u dvorani &#8220;Vatroslav Lisniski&#8221; i u TMP Pibrac(Francuska). Osim lutkarstva kao primarne djelatnosti bavi se glumom, rez\u030cijom i pisanjem scenarija. Scenarist, redatelj i producent prvog rije\u010dkog dugometra\u017enog rock filma &#8220;Yunaci rocka&#8221; koji je svoju premijeru imao na Pula film festivalu 2022. godine.<\/p>\n<p><img loading=\"lazy\" class=\"wp-image-2182 alignright\" src=\"http:\/\/www.gkl-rijeka.hr\/wp-content\/uploads\/2015\/12\/IMG_9314-683x1024.jpg\" alt=\"IMG_9314\" width=\"337\" height=\"505\" srcset=\"https:\/\/www.gkl-rijeka.hr\/wp-content\/uploads\/2015\/12\/IMG_9314-683x1024.jpg 683w, https:\/\/www.gkl-rijeka.hr\/wp-content\/uploads\/2015\/12\/IMG_9314-1280x1920.jpg 1280w, https:\/\/www.gkl-rijeka.hr\/wp-content\/uploads\/2015\/12\/IMG_9314-133x200.jpg 133w, https:\/\/www.gkl-rijeka.hr\/wp-content\/uploads\/2015\/12\/IMG_9314-600x900.jpg 600w, https:\/\/www.gkl-rijeka.hr\/wp-content\/uploads\/2015\/12\/IMG_9314-1080x1620.jpg 1080w\" sizes=\"(max-width: 337px) 100vw, 337px\" \/><strong>Obrazovanje:\u00a0<\/strong><\/p>\n<p><strong>Nagrade:<\/strong><\/p>\n<p><strong>2011. Nagrada za dojmljivu i preciznu animaciju Davidu Petrovi\u0107u<\/strong> u predstavi \u201eGulliver u zemlji malih ljudi\u201c, SLUK, Zadar<\/p>\n<p><strong>2011. Nagrada za najbolju mu\u0161ku ulogu<\/strong> za interpretaciju i animaciju Petra Pana <strong>Davidu Petrovi\u0107u<\/strong> u predstavi \u201ePetar Pan Zgubidan\u201c, PIF, Zagreb<\/p>\n<p><strong>2013. Nagrada dje\u010djeg \u017eirija za najbolju predstavu<\/strong>\u201ePala\u010dinka mog \u017eivota\u201c autorski projekt <strong>Davida Petrovi\u0107a<\/strong>, festivalu \u201eMali Maruli\u0107\u201c , Split<\/p>\n<p><strong>2013.<\/strong> <strong>Nagrada \u017eirija za izuzetno umjetni\u010dko ostvarenje<\/strong> glumcu <strong>Davidu Petrovi\u0107u<\/strong> za autorski projekt \u201ePala\u010dinka mog \u017eivota\u201c, festival Mali Maruli\u0107, Split<\/p>\n<p><strong>2018. Nagrada ansamblu predstave<\/strong> \u201cZamrznute pjesme\u201d (Damir Orli\u0107, Andrea \u0160pindel, <strong>David Petrovi\u0107<\/strong>, Petra \u0160arac i Tilen Ko\u017eamelj) za gluma\u010dko ostvarenje, 21. susret profesionalnih kazali\u0161ta za djecu i mlade, Assitej, \u010cakovec<\/p>\n<p><strong>2018. Nagrada za najbolju predstavu u cjelini<\/strong> predstavi \u201cZamrznute pjesme\u201d, 21. susret profesionalnih kazali\u0161ta za djecu i mlade, Assitej, \u010cakovec<\/p>\n<p><strong>2018. Nagrada za preciznu zajedni\u010dku animaciju<\/strong> ansamblu predstave \u201cZamrznute pjesme\u201d, PIF, Zagreb<\/p>\n<p><strong>2019. Grand prix za najbolju predstavu u cjelini <\/strong>predstavi \u201cZamrznute pjesme\u201d na 21. lutkarskom me\u0111unarodnom festivalu Zlatna iskra, Kragujevac, Srbija<\/p>\n<p><strong>2019. Nagrada gluma\u010dkom ansamblu predstave<\/strong> \u201cZamrznute pjesme\u201d ( Damir Orli\u0107, Andrea \u0160pindel, <strong>David Petrovi\u0107, <\/strong>Petra \u0160arac i Tilen Ko\u017eamelj) za kolektivnu gluma\u010dku igru u predstavi na 21. lutkarskom me\u0111unarodnom festivalu Zlatna iskra, Kragujevac, Srbija<\/p>\n<p><strong>2019. Grand prix za najbolju predstavu u cjelini<\/strong> predstavi \u201cAvanture maloga Juju\u201d na 5. festivalu dje\u010dje umjetnosti, FEDU, Sarajevo, BiH<\/p>\n<p><strong>2019. <\/strong>Nagrada za najbolju mu\u0161ku glumu-animaciju Tilenu Ko\u017eamelju i <strong>pomo\u0107nim animatorima Davidu Petrovi\u0107u,<\/strong> Damiru Orli\u0107u, i Andrei \u0160pindel za ulogu dje\u010daka Kostje u predstavi \u201cZamrznute pjesme\u201d, 27. Susret lutkara i lutkarskih kazali\u0161ta Hrvatske \u2013 SLUK, Osijek<\/p>\n<p><strong>2019. Nagrada za najbolju predstavu u cjelini<\/strong> \u201cZamrznute pjesme\u201d, 27. Susret lutkara i lutkarskih kazali\u0161ta Hrvatske \u2013 SLUK, Osijek<\/p>\n<p>&nbsp;<\/p>\n<p>[\/et_pb_toggle][et_pb_toggle admin_label=&#8221;Petra \u0160arac&#8221; title=&#8221;Petra \u0160arac&#8221; open=&#8221;off&#8221; use_border_color=&#8221;off&#8221; border_color=&#8221;#ffffff&#8221; border_style=&#8221;solid&#8221; closed_toggle_background_color=&#8221;#ffffff&#8221; icon_color=&#8221;#6ec527&#8243; custom_padding=&#8221;25px|25px|25px|25px&#8221;]<\/p>\n<h5><img loading=\"lazy\" class=\"wp-image-4430 alignleft\" src=\"http:\/\/www.gkl-rijeka.hr\/wp-content\/uploads\/2015\/10\/Petra_117copy-684x1024.jpg\" alt=\"petra_117copy\" width=\"317\" height=\"475\" srcset=\"https:\/\/www.gkl-rijeka.hr\/wp-content\/uploads\/2015\/10\/Petra_117copy-684x1024.jpg 684w, https:\/\/www.gkl-rijeka.hr\/wp-content\/uploads\/2015\/10\/Petra_117copy-134x200.jpg 134w, https:\/\/www.gkl-rijeka.hr\/wp-content\/uploads\/2015\/10\/Petra_117copy.jpg 765w\" sizes=\"(max-width: 317px) 100vw, 317px\" \/><\/h5>\n<p style=\"text-align: left;\"><strong>Glumica &#8211; lutkarica<br \/>\n<\/strong><\/p>\n<p style=\"text-align: left;\"><strong>Datum ro\u0111enja:<\/strong> 22. svibnja, 1991.<\/p>\n<p style=\"text-align: left;\">Zavr\u0161ila je Prirodoslovno &#8211; matemati\u010dku gimnaziju u Osijeku te odmah nakon srednje \u0161kole (2010.\/\u201911.) upisala Umjetni\u010dku akademiju u Osijeku, smjer gluma i lutkarstvo.<\/p>\n<p style=\"text-align: left;\">U lipnju 2013. zavr\u0161ila je preddiplomski studij, a 2016. diplomirala je na diplomskom studiju glume i lutkarstva. U sklopu nastave glume i lutkarstva sudjelovala je u brojnim gluma\u010dkim i lutkarskim radionicama Dionizijevog festivala u Osijeku i \u0110akovu.<\/p>\n<p style=\"text-align: left;\">U rujnu 2016. diplomirala je glumu i lutkarstvo na Umjetni\u010dkoj akademiji u Osijeku, te time stekla zvanje akademskog glumca\/lutkara.<\/p>\n<p style=\"text-align: left;\"><strong>Kazali\u0161no iskustvo:<\/strong><\/p>\n<p style=\"text-align: left;\">2011. <em>Po\u017ee\u0161ki \u0161pigl <\/em>(projekt UAOS-a i Gradskog kazali\u0161ta Po\u017eega) \u2013 redatelj Robert Raponja<\/p>\n<ol style=\"text-align: left;\" start=\"2014\">\n<li><em>Karlstadt Kunst Cabaret <\/em>\u2013 Gradsko kazali\u0161te Zorin dom, Karlovac 2015. <em>Duga <\/em>(diplomska predstava iz lutkarstva) \u2013 redateljica Tamara Ku\u010dinovi\u0107 2015. zapo\u0161ljavanje u GKL Rijeka \u2013 glumica\/lutkarica<\/li>\n<\/ol>\n<p style=\"text-align: left;\"><strong><img loading=\"lazy\" class=\"wp-image-4429 alignright\" src=\"http:\/\/www.gkl-rijeka.hr\/wp-content\/uploads\/2015\/10\/Petra_081copy-1024x682.jpg\" alt=\"petra_081copy\" width=\"566\" height=\"377\" srcset=\"https:\/\/www.gkl-rijeka.hr\/wp-content\/uploads\/2015\/10\/Petra_081copy-1024x682.jpg 1024w, https:\/\/www.gkl-rijeka.hr\/wp-content\/uploads\/2015\/10\/Petra_081copy-200x133.jpg 200w, https:\/\/www.gkl-rijeka.hr\/wp-content\/uploads\/2015\/10\/Petra_081copy-1080x720.jpg 1080w, https:\/\/www.gkl-rijeka.hr\/wp-content\/uploads\/2015\/10\/Petra_081copy.jpg 1187w\" sizes=\"(max-width: 566px) 100vw, 566px\" \/>Festivali:<\/strong><\/p>\n<p style=\"text-align: left;\"><strong><br \/>\n<\/strong>2011. Maruli\u0107evi dani (Split) \u2013 izvedba ispitne produkcije <em>Hamletov govor glumcima<\/em><br \/>\n2012. Dionizijev festival (Osijek) \u2013\u00a0izvedba ispitne lutkarske predstave <em>Kako se zove predstava?<\/em>&#8211;\u00a0otvaranje festivala, izvedba ispitne produkcije Imitacije, intervjui (uloga Simone Gotovac)<br \/>\n2012. Maruli\u0107evi dani (Split) \u2013\u00a0izvedba ispitne lutkarske predstave<br \/>\n2012. Festival Tina Ujevi\u0107a (Vrgorac) \u2013 otvaranje festivala poetskom predstavom <em>Pod<\/em> <em>Tinovim ki\u0161obranom<\/em> te izvedba ispitne lutkarske predstave\u00a0\u00a0<em>Kako se zove predstava? \u00a0\u00a0\u00a0\u00a0\u00a0\u00a0\u00a0<\/em>2013. festival SLUK \u2013 lutkarska predstava <em>Kako se zove predstava? \u00a0\u00a0\u00a0\u00a0\u00a0\u00a0\u00a0\u00a0\u00a0\u00a0\u00a0\u00a0\u00a0\u00a0\u00a0\u00a0\u00a0\u00a0\u00a0\u00a0\u00a0\u00a0\u00a0\u00a0\u00a0\u00a0\u00a0\u00a0\u00a0\u00a0\u00a0\u00a0\u00a0\u00a0<\/em><\/p>\n<p>Ro\u0111endan grada Karlovca \u2013 <em>Karlova\u010dki pelivani<\/em>, Gradsko kazali\u0161te Zorin dom, Karlovac<br \/>\n2013.\u00a0 festival PIF Zagreb (voditeljica)<\/p>\n<p>2013. lutkarski festivala Lutkokaz (voditeljica) 2013. <em>Bo\u017ei\u0107na \u010darolija<\/em> \u2013 <em>Karlova\u010dki pelivani<\/em>, Gradsko kazali\u0161te Zorin dom, Karlovac<\/p>\n<p>2013. razna umjetni\u010dka doga\u0111anja Grada Osijeka (voditeljica)<\/p>\n<p>2015. festival SLUK \u2013 lutkarska predstava <em>Duga <\/em><\/p>\n<p><strong>2018. Nagrada za najboljeg edukatora\/ edukatoricu u 2018. godini,<\/strong> Vije\u0107e Mladih Ben\u010di\u0107<\/p>\n<p><strong>2018. Nagrada ansamblu predstave<\/strong> \u201cZamrznute pjesme\u201d za gluma\u010dko ostvarenje, 21. susret profesionalnih kazali\u0161ta za djecu i mlade, Assitej, \u010cakovec<\/p>\n<p><strong>2018. Nagrada za najbolju predstavu u cjelini<\/strong> predstavi \u201cZamrznute pjesme\u201d, 21. susret profesionalnih kazali\u0161ta za djecu i mlade, Assitej, \u010cakovec<\/p>\n<p><strong>2018. Nagrada za preciznu zajedni\u010dku animaciju<\/strong> ansamblu predstave \u201cZamrznute pjesme\u201d, PIF, Zagreb<\/p>\n<p><strong>2018. Nagrada ansamblu predstave<\/strong> \u201cZamrznute pjesme\u201d\u00a0 (Damir Orli\u0107, Andrea \u0160pindel, David Petrovi\u0107, <strong>Petra \u0160arac<\/strong> i Tilen Ko\u017eamelj) za gluma\u010dko ostvarenje, 21. susret profesionalnih kazali\u0161ta za djecu i mlade, Assitej, \u010cakovec<\/p>\n<p><strong>2019. Nagrada za najbolju predstavu u cjelini<\/strong> \u201cZamrznute pjesme\u201d, 27. Susret lutkara i lutkarskih kazali\u0161ta Hrvatske \u2013 SLUK, Osijek<\/p>\n<p><strong>2019. Nagrada za najbolju predstavu Festivala<\/strong> \u201cZamrznute pjesme\u201d, 27. Susret lutkara i lutkarskih kazali\u0161ta Hrvatske \u2013 SLUK, Osijek<\/p>\n<p><strong>2019. Grand prix za najbolju predstavu u cjelini <\/strong>predstavi \u201cZamrznute pjesme\u201d na 21. lutkarskom me\u0111unarodnom festivalu Zlatna iskra, Kragujevac, Srbija<\/p>\n<p><strong>2019. Nagrada za najbolju \u017eensku glumu-animaciju Petri \u0160arac<\/strong> i pomo\u0107noj animatorici Andrei \u0160pindel za ulogu djevoj\u010dice Katje u predstavi \u201cZamrznute pjesme\u201d, 27. Susret lutkara i lutkarskih kazali\u0161ta Hrvatske \u2013 SLUK, Osijek<\/p>\n<p><strong>2019. Nagrada gluma\u010dkom ansamblu predstave<\/strong> \u201cZamrznute pjesme\u201d ( Damir Orli\u0107, Andrea \u0160pindel, David Petrovi\u0107, <strong>Petra \u0160arac<\/strong> i Tilen Ko\u017eamelj) za kolektivnu gluma\u010dku igru u predstavi na 21. lutkarskom me\u0111unarodnom festivalu Zlatna iskra, Kragujevac, Srbija<\/p>\n<p><strong>2019. Kolektivna nagrada za gluma\u010dko majstorstvo<\/strong> ansamblu predstave \u201cWanda LaVanda\u201d (Zlatko Vici\u0107, <strong>Petra \u0160arac<\/strong> i Andrea \u0160pindel), 8. Me\u0111unarodni festival lutkarstva, Podgorica, Crna Gora<\/p>\n<p><strong>2019. Grand Prix za najbolju predstavu u cjelini<\/strong> \u201cWanda LaVanda\u201d, 8. Me\u0111unarodni festival lutkarstva, Podgorica, Crna Gora<\/p>\n<p>&nbsp;<\/p>\n<p>&nbsp;<\/p>\n<h5 style=\"text-align: center;\"><\/h5>\n<h5><\/h5>\n<p>&nbsp;<\/p>\n<h5><\/h5>\n<p>[\/et_pb_toggle][et_pb_toggle admin_label=&#8221;Andrea \u0160pindel&#8221; title=&#8221;Andrea \u0160pindel&#8221; open=&#8221;off&#8221; use_border_color=&#8221;off&#8221; border_color=&#8221;#ffffff&#8221; border_style=&#8221;solid&#8221; closed_toggle_background_color=&#8221;#ffffff&#8221; icon_color=&#8221;#6ec527&#8243; custom_padding=&#8221;25px|25px|25px|25px&#8221;]<\/p>\n<p style=\"text-align: left;\"><strong><img loading=\"lazy\" class=\"alignleft wp-image-3787\" src=\"http:\/\/www.gkl-rijeka.hr\/wp-content\/uploads\/2015\/10\/Andrea-PORTRET-683x1024.jpg\" alt=\"andrea-portret\" width=\"378\" height=\"567\" srcset=\"https:\/\/www.gkl-rijeka.hr\/wp-content\/uploads\/2015\/10\/Andrea-PORTRET-683x1024.jpg 683w, https:\/\/www.gkl-rijeka.hr\/wp-content\/uploads\/2015\/10\/Andrea-PORTRET-1280x1920.jpg 1280w, https:\/\/www.gkl-rijeka.hr\/wp-content\/uploads\/2015\/10\/Andrea-PORTRET-133x200.jpg 133w, https:\/\/www.gkl-rijeka.hr\/wp-content\/uploads\/2015\/10\/Andrea-PORTRET-1080x1620.jpg 1080w, https:\/\/www.gkl-rijeka.hr\/wp-content\/uploads\/2015\/10\/Andrea-PORTRET.jpg 1417w\" sizes=\"(max-width: 378px) 100vw, 378px\" \/>Glumica &#8211; lutkarica<br \/>\n<\/strong><\/p>\n<p style=\"text-align: left;\"><strong>Datum ro\u0111enja: <\/strong>31.07.1991<\/p>\n<p style=\"text-align: left;\"><strong>Radno iskustvo:<\/strong><\/p>\n<p style=\"text-align: left;\">\u00a0\u00a0\u00a0\u00a0\u00a0\u00a0\u00a0\u00a0\u00a0\u00a0\u00a0 Tijekom osnovne i srednje \u0161kole poha\u0111a dramski studij u sklopu Dje\u010djeg kazali\u0161ta Branka Mihaljevi\u0107a u Osijeku, II gimnazije u Osijeku, te Umjetni\u010dke akademije u Osijeku. Kroz studij gostuje na brojnim festivalima s ispitnim dramskim i lutkarskim predstavama (Dionizijev festival, Maruli\u0107evi dani, Osje\u010dko ljeto mladih, Vrgorsko ljeto, Lutkokaz, PIF, SLUK, Bugojansko lutkarsko bijenale, Osje\u010dko ljeto kulture, Kazali\u0161ni inkubator, SOS), sudjeluje u mno\u0161tvu dramskih i lutkarskih radionica pod vodstvom inozemnih predava\u010da na Dionizijevom festivalu, nekoliko godina poha\u0111a mimske i bubnjarske radionice na projektu Zemlja bez granica, sudjeluje u programima manifestacija sve\u010danosti dana grada Osijeka, Po\u017eege i Vukovara, od 2012. g. radi kao voditelj na novogodi\u0161njim i godi\u0161njim koncertima Tambura\u0161ke \u0161kole Batorek, snima glazbeni spot, te film u sklopu projekta Koja si ti LEGEnda. 2013. g. s jo\u0161 dvojicom kolega postavlja autorski projekt u Teatru 054 u Osijeku pod naslovom Balet za nilske konje. 2014. g. prolazi na audiciji u GKL Rijeka.<\/p>\n<p style=\"text-align: left;\"><strong>Obrazovanje:<\/strong><\/p>\n<p style=\"text-align: left;\">Umjetni\u010dka akademija u Osijeku \u2013 gluma i lutkarstvo (2013.\/2014.) \u00a0diplomski studij, Umjetni\u010dka akademija u Osijeku- gluma i lutkarstvo (2010.-2013.)-\u00a0 zavr\u0161en preddiplomski studij,\u00a0 II gimnazija Osijek (2006.-2010.)<\/p>\n<p style=\"text-align: left;\"><strong>Nagrade:<\/strong><\/p>\n<p style=\"text-align: left;\"><strong>2017. Nagrada za najbolju glumu \u2013 animaciju <\/strong>glumici-lutkarici<strong> Andrei \u0160pindel <\/strong>za ulogu Pipi u predstavi Astrid Lindgren \u201e Pipi Duga \u010carapa\u201c u re\u017eiji Ivane Djilas,\u00a0 SLUK, Zadar<\/p>\n<p><strong>2018. Nagrada ansamblu predstave<\/strong> \u201cZamrznute pjesme\u201d\u00a0 (Damir Orli\u0107, <strong>Andrea \u0160pindel,<\/strong> David Petrovi\u0107, Petra \u0160arac i Tilen Ko\u017eamelj) za gluma\u010dko ostvarenje, 21. susret profesionalnih kazali\u0161ta za djecu i mlade, Assitej, \u010cakovec<\/p>\n<p><strong>2018. Nagrada za najbolju predstavu u cjelini<\/strong> predstavi \u201cZamrznute pjesme\u201d, 21. susret profesionalnih kazali\u0161ta za djecu i mlade, Assitej, \u010cakovec<\/p>\n<p><strong>2018. Nagrada za preciznu zajedni\u010dku animaciju<\/strong> ansamblu predstave \u201cZamrznute pjesme\u201d, PIF<\/p>\n<p><strong>2019. <\/strong>Nagrada za najbolju mu\u0161ku glumu-animaciju Tilenu Ko\u017eamelju i <strong>pomo\u0107nim animatorima <\/strong>Davidu Petrovi\u0107u, Damiru Orli\u0107u, i<strong> Andrei \u0160pindel<\/strong> za ulogu dje\u010daka Kostje u predstavi \u201cZamrznute pjesme\u201d, 27. Susret lutkara i lutkarskih kazali\u0161ta Hrvatske \u2013 SLUK, Osijek<\/p>\n<p><strong>2019. <\/strong>Nagrada za najbolju \u017eensku glumu-animaciju Petri \u0160arac i <strong>pomo\u0107noj animatorici Andrei \u0160pindel<\/strong> za ulogu djevoj\u010dice Katje u predstavi \u201cZamrznute pjesme\u201d, 27. Susret lutkara i lutkarskih kazali\u0161ta Hrvatske \u2013 SLUK, Osijek<\/p>\n<p><strong>2019. Nagrada za najbolju predstavu u cjelini<\/strong> predstavi \u201cAvanture maloga Juju\u201d na 12. Malom Maruli\u0107u, festivalu hrvatske drame za djecu, Split<\/p>\n<p><strong>2019. Grand prix za najbolju predstavu u cjelini <\/strong>predstavi \u201cZamrznute pjesme\u201d na 21. lutkarskom me\u0111unarodnom festivalu Zlatna iskra, Kragujevac, Srbija<\/p>\n<p><strong>2019. Grand prix za najbolju predstavu u cjelini<\/strong> predstavi \u201cAvanture maloga Juju\u201d na 5. festivalu dje\u010dje umjetnosti, FEDU, Sarajevo, BiH<\/p>\n<p><strong>2019. Nagrada gluma\u010dkom ansamblu predstave<\/strong> \u201cZamrznute pjesme\u201d ( Damir Orli\u0107, <strong>Andrea \u0160pindel<\/strong>, David Petrovi\u0107, Petra \u0160arac i Tilen Ko\u017eamelj) za kolektivnu gluma\u010dku igru u predstavi na 21. lutkarskom me\u0111unarodnom festivalu Zlatna iskra, Kragujevac, Srbija<\/p>\n<p><strong>2019. Nagrada za najbolju predstavu u cjelini<\/strong> \u201cZamrznute pjesme\u201d, 27. Susret lutkara i lutkarskih kazali\u0161ta Hrvatske \u2013 SLUK, Osijek<\/p>\n<p><strong>2019. Nagrada za najbolju predstavu u cjelini predstavi \u201cAvanture maloga Juju\u201d na 12. Malom Maruli\u0107u, festivalu hrvatske drame za djecu, Split<\/strong><\/p>\n<p><strong>2019. Kolektivna nagrada za gluma\u010dko majstorstvo<\/strong> ansamblu predstave \u201cWanda LaVanda\u201d (Zlatko Vici\u0107, Petra \u0160arac i <strong>Andrea \u0160pindel<\/strong>), 8. Me\u0111unarodni festival lutkarstva, Podgorica, Crna Gora<\/p>\n<p><strong>2019. Grand Prix za najbolju predstavu u cjelini<\/strong> \u201cWanda LaVanda\u201d, 8. Me\u0111unarodni festival lutkarstva, Podgorica, Crna Gora<\/p>\n<p>&nbsp;<\/p>\n<p>&nbsp;<\/p>\n<p>&nbsp;<\/p>\n<p>[\/et_pb_toggle][et_pb_toggle admin_label=&#8221;Almira \u0160tifani\u0107&#8221; title=&#8221;Almira \u0160tifani\u0107&#8221; open=&#8221;off&#8221; use_border_color=&#8221;off&#8221; border_color=&#8221;#ffffff&#8221; border_style=&#8221;solid&#8221; closed_toggle_background_color=&#8221;#ffffff&#8221; icon_color=&#8221;#6ec527&#8243; custom_padding=&#8221;25px|25px|25px|25px&#8221;]<\/p>\n<h5 class=\"et_pb_member_position\"><img loading=\"lazy\" class=\" wp-image-2189 alignleft\" src=\"http:\/\/www.gkl-rijeka.hr\/wp-content\/uploads\/2015\/12\/IMG_9274-400x300.jpg\" alt=\"IMG_9274\" width=\"361\" height=\"271\" \/>Glumica &#8211; lutkarica<\/h5>\n<p><strong>Radno iskustvo:\u00a0<\/strong>Godine 1982. tijekom studija zaposlila se u Kazali\u0161tu lutaka Rijeka kao glumac lutkar \u2013 pripravnik te je u kazali\u0161noj sezoni 82.\/83. odradila pripravni\u010dki sta\u017e. Nakon diplome ponovno se zapo\u0161ljava u Kazali\u0161u lutaka Rijeka gdje je i danas zaposlena kao glumac lutkar \u2013 prvak.<br \/>\nNakon dobivene nagrade PIF-u, pozvana je kao gost u Zagreba\u010dko kazali\u0161te lutaka gdje je igrala u predstavi \u201cBajka o kraljevim tre\u0161njama\u201d u re\u017eiji Zvonka Festinija. Sura\u0111uje i s rije\u010dkim HKD teatrom gdje igra u predstavi \u201cRazgovori nakon pogreba\u201d u re\u017eiji Vedrane Vrhovnik. \u010clan je Udru\u017eenja dramskih umjetnika Hrvatske.<br \/>\n<a href=\"http:\/\/www.gkl-rijeka.hr\/wp-content\/uploads\/2015\/12\/IMG_9279.jpg\"><img loading=\"lazy\" class=\"alignright wp-image-2188 \" src=\"http:\/\/www.gkl-rijeka.hr\/wp-content\/uploads\/2015\/12\/IMG_9279-683x1024.jpg\" alt=\"IMG_9279\" width=\"347\" height=\"521\" srcset=\"https:\/\/www.gkl-rijeka.hr\/wp-content\/uploads\/2015\/12\/IMG_9279-683x1024.jpg 683w, https:\/\/www.gkl-rijeka.hr\/wp-content\/uploads\/2015\/12\/IMG_9279-1280x1920.jpg 1280w, https:\/\/www.gkl-rijeka.hr\/wp-content\/uploads\/2015\/12\/IMG_9279-133x200.jpg 133w, https:\/\/www.gkl-rijeka.hr\/wp-content\/uploads\/2015\/12\/IMG_9279-600x900.jpg 600w, https:\/\/www.gkl-rijeka.hr\/wp-content\/uploads\/2015\/12\/IMG_9279-1080x1620.jpg 1080w\" sizes=\"(max-width: 347px) 100vw, 347px\" \/><\/a>Od 1999. g. vanjski je suradnik Visoke u\u010diteljske \u0161kole i Filozofskog fakulteta u Rijeci te predaje na kolegiju Lutkarstvo i scenska kultura i Film i RTV kultura.<br \/>\n\u010clan je Povjerenstva za realizaciju lutkarske radionice za u\u010ditelje grada Rijeke u kojoj je uspje\u0161no sudjelovala u edukaciji u\u010ditelja za samostalni rad u izvanastavnim aktivnostima.<\/p>\n<p><strong>Obrazovanje:\u00a0<\/strong>U Rijeci je poha\u0111ala osnovnu i srednju \u0161kolu. Diplomirala je 1986. g. na Pedago\u0161kom fakultetu u Rijeci te na taj na\u010din stekla zvanje diplomirani pedagog \u2013 profesor.<\/p>\n<p><strong>Nagrade:<\/strong><\/p>\n<p>Osijek, 1989. g. SLUK<br \/>\nPriznanje Stru\u010dnog ocjenjiva\u010dkog odbora za najbolju gluma\u010dku kreaciju u predstavi \u201cIz Istarske \u0161krinjice\u201d u re\u017eiji Edija Majarona<\/p>\n<p>Osijek, 1993. g. SLUK<br \/>\nDiploma za najbolju animaciju u predstavi \u201c\u010carobna kalja\u010da\u201d u re\u017eiji Zvonka Festinija<\/p>\n<p>Vinkovci, 1995. g. Festival glumca<br \/>\nNagrada za gluma\u010dku kreaciju u predstavi \u201cPinocchio\u201d u re\u017eiji Edija Majarona<\/p>\n<p>Osijek, 1995. g. SLUK<br \/>\nNagrada za najbolju animaciju \u010cudnovate kraljice u predstavi \u201cVojnik koji je dobro i\u0161ao\u201d u re\u017eiji Zvonka Festinija<\/p>\n<p>Zagreb, 1996. g. PIF, Me\u0111unarodni festival kazali\u0161ta lutaka<br \/>\nDiploma stru\u010dnog \u017eirija 29. PIF-a za animaciju Postolareve \u017eene u predstavi \u201cPostolar i vrag\u201d u re\u017eiji Zorana Mu\u017ei\u0107a<\/p>\n<p>Osijek, 2009. SLUK, nagrada za najbolju animaciju u predstavi \u201cPustolovine Toma Sawyewra\u201du re\u017eiji Sa\u0161e Ano\u010di\u0107a za ulogu Huckleberry Finna<\/p>\n<p>PIF 2009., Zagreb, nagrada za najbolju animaciju u predstavi \u201cPustolovine Toma Sawyera\u201d u re\u017eiji Sa\u0161e Ano\u010di\u0107a za ulogu Huckleberry Finna<\/p>\n<p>Povelja za \u017eivotno djelo za doprinos gluma\u010dkoj umjetnosti hrvatskog lutkarstva, Vukovarsko lutkarsko prolje\u0107e, 2013.<\/p>\n<p>Zlatna plaketa &#8220;Grb Grada Rijeke&#8221; za izniman doprinos zna\u010denju i popularizaciji lutkarske umjetnosti, 2014.<\/p>\n<p>&nbsp;<\/p>\n<p>[\/et_pb_toggle][et_pb_toggle admin_label=&#8221;Zlatko Vici\u0107&#8221; title=&#8221;Zlatko Vici\u0107&#8221; open=&#8221;off&#8221; use_border_color=&#8221;off&#8221; border_color=&#8221;#ffffff&#8221; border_style=&#8221;solid&#8221; closed_toggle_background_color=&#8221;#ffffff&#8221; icon_color=&#8221;#6ec527&#8243; custom_padding=&#8221;25px|25px|25px|25px&#8221;]<\/p>\n<h5><img loading=\"lazy\" class=\" wp-image-2186 alignleft\" src=\"http:\/\/www.gkl-rijeka.hr\/wp-content\/uploads\/2015\/12\/IMG_9376-1-400x300.jpg\" alt=\"IMG_9376\" width=\"351\" height=\"263\" \/><\/h5>\n<h5 class=\"et_pb_member_position\">Glumac &#8211; lutkar<\/h5>\n<p><strong>Datum ro\u0111enja:<\/strong> 10.07.1973.<\/p>\n<p><strong>Radno iskustvo:<\/strong> Glumom se po\u010dinje baviti jo\u0161 u srednjoj \u0161koli i paralelno u KUD-u Lu\u010dki radnik koji kasnije postaje Scenska radionica Porat. U GKL Rijeka dolazi 1993., a stalnim \u010dlanom ansambla postaje 1994.<\/p>\n<p><strong>Nagrade:<\/strong><\/p>\n<p><strong>2019. Grand Prix za najbolju predstavu u cjelini<\/strong> \u201cWanda LaVanda\u201d, 8. Me\u0111unarodni festival lutkarstva, Podgorica, Crna Gora<\/p>\n<p><strong>2019. Kolektivna nagrada za gluma\u010dko majstorstvo<\/strong> ansamblu predstave \u201cWanda LaVanda\u201d (<strong>Zlatko Vici\u0107<\/strong>, Petra \u0160arac i Andrea \u0160pindel), 8. Me\u0111unarodni festival lutkarstva, Podgorica, Crna Gora<\/p>\n<p><strong>2019. Povelja za \u017eivotno djelo \u201cZvonko Festini\u201d<\/strong> glumcu <strong>Zlatku Vici\u0107u<\/strong> za doprinos gluma\u010dkoj umjetnosti hrvatskog lutkarstva, dodjeljuje Hrvatski centar Unima, Vukovar<\/p>\n<p><strong>2019. Grand prix za najbolju predstavu u cjelini<\/strong> predstavi \u201cAvanture maloga Juju\u201d na 5. festivalu dje\u010dje umjetnosti, FEDU, Sarajevo<\/p>\n<p><strong>2019. Nagrada za najbolju predstavu u cjelini<\/strong> predstavi \u201cAvanture maloga Juju\u201d na 12. Malom Maruli\u0107u, festivalu hrvatske drame za djecu, Split<\/p>\n<p><strong>2018. Godi\u0161nja nagrada Grada Rijeke Zlatku Vici\u0107u<\/strong> za impresivnu interpretaciju ov\u010dice Wande u predstavi Wanda LaVanda, Rijeka<\/p>\n<p><strong>2018. Nagrada za gluma\u010dko ostvarenje Zlatku Vici\u0107u<\/strong> u predstavi \u201cWanda LaVanda\u201d na 17. Me\u0111unarodnom festivalu pozori\u0161ta za djecu, Banja Luka, BiH<\/p>\n<p id=\"yui_3_16_0_ym19_1_1509089868933_24012\" class=\"yiv7501870590MsoNormal\"><strong>2017. Nagrada za animaciju <\/strong>za ulogu ov\u010dice Wande u predstavi Jelene Tondini \u201eWanda LaVanda\u201c u re\u017eiji Morane Dolenc, 50.PIF, Zagreb<\/p>\n<p id=\"yui_3_16_0_ym19_1_1509089868933_24014\" class=\"yiv7501870590MsoNormal\"><strong>2017. Nagrada za gluma\u010dko ostvarenje<\/strong> za ulogu ov\u010dice Wande u u predstavi Jelene Tondini \u201eWanda LaVanda\u201c u re\u017eiji Morane Dolenc, 20. susret HC Assitej-a, \u010cakovec<\/p>\n<p style=\"text-align: left;\">SLUK Osijek; nagrada za gluma\u010dku kreaciju\u00a0 u predstavi \u201eVojnik koji je dobro i\u0161ao\u201c-\u00a0 za ulogu Vojnika<\/p>\n<p style=\"text-align: left;\">SLUK Osijek; nagrada za animaciju i gluma\u010dku kreaciju u predstavi \u201eSebi\u010dni div\u201c &#8211;\u00a0 za uloge Jeseni i Tu\u010de<\/p>\n<p style=\"text-align: left;\">SLUK Osijek; nagrada za animaciju i gluma\u010dku kreaciju u predstavi \u201eRu\u017eno pa\u010de\u201c \u2013 za ulogu Koko\u0161i<\/p>\n<p style=\"text-align: left;\">PIF Zagreb; nagrada za animaciju u predstavi \u201eRomeo (i Giulietta)\u201c \u2013 za ulogu Romea<\/p>\n<p style=\"text-align: left;\">Mali Maruli\u0107, Split; nagrada za lutkarsku animaciju u predstavi \u201eVeli Jo\u017ee\u201c \u2013 za ulogu Velog Jo\u017ee<\/p>\n<p style=\"text-align: left;\">SLUK, Osijek; nagrada za najbolju animaciju u predstavi \u201eVeli Jo\u017ee\u201c \u2013 za ulogu Velog Jo\u017ee<\/p>\n<p style=\"text-align: left;\">Zlatna iskra, Kragujevac, Srbija; nagrada za glumu u predstavi \u201eSedam kozlini i samo jedan bedni vuk\u201c \u2013 za ulogu ovna Osme.<\/p>\n<p style=\"text-align: left;\">Tako\u0111er, u cjelini su bile nagra\u0111ivane i sljede\u0107e predstave u kojima je sudjelovao:<\/p>\n<p style=\"text-align: left;\">\u201eTra la la \u2013 klaunijada odrastanja\u201c, \u201e\u0160uma Striborova\u201c, \u201eSlavuj\u201c, \u201ePlesna haljina \u017eutog masla\u010dka\u201c.<\/p>\n<p>[\/et_pb_toggle][et_pb_toggle admin_label=&#8221;Tilen Ko\u017eamelj&#8221; title=&#8221;Tilen Ko\u017eamelj&#8221; open=&#8221;off&#8221; use_border_color=&#8221;off&#8221; border_color=&#8221;#ffffff&#8221; border_style=&#8221;solid&#8221; icon_color=&#8221;#6ec527&#8243; closed_toggle_background_color=&#8221;#ffffff&#8221;]<\/p>\n<p><img loading=\"lazy\" class=\"alignnone wp-image-6930\" src=\"http:\/\/www.gkl-rijeka.hr\/wp-content\/uploads\/2019\/06\/Tilen014-683x1024.jpg\" alt=\"\" width=\"295\" height=\"442\" srcset=\"https:\/\/www.gkl-rijeka.hr\/wp-content\/uploads\/2019\/06\/Tilen014-683x1024.jpg 683w, https:\/\/www.gkl-rijeka.hr\/wp-content\/uploads\/2019\/06\/Tilen014-533x800.jpg 533w, https:\/\/www.gkl-rijeka.hr\/wp-content\/uploads\/2019\/06\/Tilen014.jpg 1000w\" sizes=\"(max-width: 295px) 100vw, 295px\" \/><\/p>\n<p>Glumac- lutkar<\/p>\n<p><strong>Nagrade:<\/strong><\/p>\n<p><strong>2018. Nagrada za preciznu zajedni\u010dku animaciju<\/strong> ansamblu predstave \u201cZamrznute pjesme\u201d, PIF, Zagreb<\/p>\n<p><strong>2018. Nagrada za najbolju predstavu u cjelini<\/strong> predstavi \u201cZamrznute pjesme\u201d, 21. susret profesionalnih kazali\u0161ta za djecu i mlade, Assitej, \u010cakovec<\/p>\n<p><strong>2018. Nagrada za preciznu zajedni\u010dku animaciju<\/strong> ansamblu predstave \u201cZamrznute pjesme\u201d, PIF, Zagreb<\/p>\n<p><strong>2019. Nagrada gluma\u010dkom ansamblu predstave<\/strong> \u201cZamrznute pjesme\u201d ( Damir Orli\u0107, Andrea \u0160pindel, David Petrovi\u0107, Petra \u0160arac i <strong>Tilen Ko\u017eamelj<\/strong>) za kolektivnu gluma\u010dku igru u predstavi na 21. lutkarskom me\u0111unarodnom festivalu Zlatna iskra, Kragujevac, Srbija<\/p>\n<p><strong>2019. Nagrada za gluma\u010dko ostvarenje Tilenu Ko\u017eamelju<\/strong> za ulogu u predstavi \u201cZamrznute pjesme\u201d , na 21. lutkarskom me\u0111unarodnom festivali\u00a0 Zlatna iskra, Kragujevac, Srbija<\/p>\n<p><strong>2019. Nagrada za najbolju mu\u0161ku glumu-animaciju Tilenu Ko\u017eamelju<\/strong> i pomo\u0107nim animatorima Davidu Petrovi\u0107u, Damiru Orli\u0107u, i Andrei \u0160pindel za ulogu dje\u010daka Kostje u predstavi \u201cZamrznute pjesme\u201d, 27. Susret lutkara i lutkarskih kazali\u0161ta Hrvatske \u2013 SLUK, Osijek<\/p>\n<p><strong>2019. Nagrada za najbolju predstavu u cjelini<\/strong> predstavi \u201cAvanture maloga Juju\u201d na 12. Malom Maruli\u0107u, festivalu hrvatske drame za djecu, Split<\/p>\n<p><strong>2019. Grand prix za najbolju predstavu u cjelini <\/strong>predstavi \u201cZamrznute pjesme\u201d na 21. lutkarskom me\u0111unarodnom festivalu Zlatna iskra, Kragujevac, Srbija<\/p>\n<p><strong>2019. Grand prix za najbolju predstavu u cjelini<\/strong> predstavi \u201cAvanture maloga Juju\u201d na 5. festivalu dje\u010dje umjetnosti, FEDU, Sarajevo, BiH<\/p>\n<p><strong>2019. Nagrada za najbolju predstavu u cjelini<\/strong> \u201cZamrznute pjesme\u201d, 27. Susret lutkara i lutkarskih kazali\u0161ta Hrvatske \u2013 SLUK, Osijek<\/p>\n<p><strong>2019. Nagrada za najbolju predstavu Festivala<\/strong> \u201cZamrznute pjesme\u201d, 27. Susret lutkara i lutkarskih kazali\u0161ta Hrvatske \u2013 SLUK, Osijek<\/p>\n<p><strong>Nagrada za najboljeg glumca<\/strong>\u00a0Tilenu Ko\u017eamelju u predstavi \u201cZamrznute pjesme\u201d, 18. Me\u0111unarodni festival kazali\u0161ta za djecu, 18. Me\u0111unarodni festival kazali\u0161ta za djecu, Banja Luka, Bosna i Hercegovina, 2019.<\/p>\n<p>&nbsp;<\/p>\n<p>[\/et_pb_toggle][et_pb_toggle admin_label=&#8221;Petra Kova\u010di\u0107&#8221; title=&#8221;Petra Kova\u010di\u0107&#8221; open=&#8221;off&#8221; use_border_color=&#8221;off&#8221; border_color=&#8221;#ffffff&#8221; border_style=&#8221;solid&#8221; closed_toggle_background_color=&#8221;#ffffff&#8221; icon_color=&#8221;#6ec527&#8243;]<\/p>\n<p>[\/et_pb_toggle][et_pb_toggle admin_label=&#8221;Lino Brozi\u0107&#8221; title=&#8221;Lino Brozi\u0107&#8221; open=&#8221;off&#8221; use_border_color=&#8221;off&#8221; border_color=&#8221;#ffffff&#8221; border_style=&#8221;solid&#8221; closed_toggle_background_color=&#8221;#ffffff&#8221; icon_color=&#8221;#6ec527&#8243;]<\/p>\n<p><img loading=\"lazy\" class=\"wp-image-17498 alignleft\" src=\"https:\/\/www.gkl-rijeka.hr\/wp-content\/uploads\/2025\/12\/Lino-Brozic\u0301_10b-683x1024.jpg\" alt=\"\" width=\"369\" height=\"554\" srcset=\"https:\/\/www.gkl-rijeka.hr\/wp-content\/uploads\/2025\/12\/Lino-Brozic\u0301_10b-683x1024.jpg 683w, https:\/\/www.gkl-rijeka.hr\/wp-content\/uploads\/2025\/12\/Lino-Brozic\u0301_10b-1280x1920.jpg 1280w, https:\/\/www.gkl-rijeka.hr\/wp-content\/uploads\/2025\/12\/Lino-Brozic\u0301_10b-533x800.jpg 533w, https:\/\/www.gkl-rijeka.hr\/wp-content\/uploads\/2025\/12\/Lino-Brozic\u0301_10b-1024x1536.jpg 1024w, https:\/\/www.gkl-rijeka.hr\/wp-content\/uploads\/2025\/12\/Lino-Brozic\u0301_10b-1366x2048.jpg 1366w, https:\/\/www.gkl-rijeka.hr\/wp-content\/uploads\/2025\/12\/Lino-Brozic\u0301_10b-1080x1620.jpg 1080w, https:\/\/www.gkl-rijeka.hr\/wp-content\/uploads\/2025\/12\/Lino-Brozic\u0301_10b.jpg 1467w\" sizes=\"(max-width: 369px) 100vw, 369px\" \/>Ro\u0111en je 16.04.1995. godine u Zagrebu. Odrasta u Puli gdje zavr\u0161ava osnovnu i srednju \u0161kolu. Istovremeno s Op\u0107om gimnazijom u Puli zavr\u0161ava i srednju glazbenu \u0161kolu Ivana Mateti\u0107a Ronjgova u Puli, smjer harmonika\u0161. S harmonikom osvaja brojne nagrade na dr\u017eavnim te me\u0111unarodnim natjecanjima.<\/p>\n<ol start=\"2020\">\n<li>godine u lipnju diplomira Glumu i lutkarstvo na Umjetni\u010dkoj Akademiji u Osijeku te stje\u010de zvanje magistar kazali\u0161ne umjetnosti.<\/li>\n<\/ol>\n<p>Jo\u0161 kao student zapo\u010dinje suradnju s Hrvatskim narodnim kazali\u0161tem u Osijeku koju nastavlja sve do 2022. te tom periodu igra u desetak premijernih naslova te nekoliko zamjena u starijim predstavama. Kao slobodni umjetnik sura\u0111ivao je s GK Zorin-dom u Karlovcu, INK u Puli, KKV Sisak, HNK Ivana pl. Zajca u Rijeci, Kazali\u0161tem Dubrava, Interfilmom. 2021. postaje \u010dlanom ansambla Kazali\u0161ta lutaka Zadar u kojem ostvaruje zna\u010dajan broj uloga, a sura\u0111uje i s HNK u Zadru. U Zadru osvaja nekoliko zapa\u017eenih nagrada s predstavama Kazali\u0161ta lutaka Zadar.<\/p>\n<p>Od travnja 2025. stalni je \u010dlan ansambla Gradskog kazali\u0161ta lutaka Rijeka.<\/p>\n<p>&nbsp;<\/p>\n<p>NAGRADE<\/p>\n<p>Nominacija za Nagradu hrvatskoga glumi\u0161ta za najbolju mu\u0161ku ulogu u predstavama za djecu i mlade u predstavi \u201eMisto di raste lavandulilili\u201c Kazali\u0161ta lutaka Zadar, 2025.<\/p>\n<p>Nagrada za najbolju predstavu u cjelini za predstavu \u201eMisto di raste lavandulilili\u201c, Kazali\u0161te lutaka Zadar, SLUK, Osijek, 2025.<\/p>\n<p>Nagrada \u201cNevenka Filipovi\u0107\u201dza najbolje lutkarsko gluma\u010dko ostvarenje u predstavama za djecu i mlade na Festivalu glumca, za ulogu u predstavi \u201eMisto di raste lavandulilili\u201c Kazali\u0161ta lutaka Zadar, 2025.<\/p>\n<p>Nagrada za najbolju predstavu u cjelini za predstavu \u201eMisto di raste lavandulilili\u201c, Festival hrvatske drame za djecu \u201cMali Maruli\u0107\u201d, Split, 2025.<img loading=\"lazy\" class=\"wp-image-17499 alignright\" src=\"https:\/\/www.gkl-rijeka.hr\/wp-content\/uploads\/2025\/12\/Lino-Brozic\u0301_23b-683x1024.jpg\" alt=\"\" width=\"349\" height=\"523\" srcset=\"https:\/\/www.gkl-rijeka.hr\/wp-content\/uploads\/2025\/12\/Lino-Brozic\u0301_23b-683x1024.jpg 683w, https:\/\/www.gkl-rijeka.hr\/wp-content\/uploads\/2025\/12\/Lino-Brozic\u0301_23b-1280x1920.jpg 1280w, https:\/\/www.gkl-rijeka.hr\/wp-content\/uploads\/2025\/12\/Lino-Brozic\u0301_23b-533x800.jpg 533w, https:\/\/www.gkl-rijeka.hr\/wp-content\/uploads\/2025\/12\/Lino-Brozic\u0301_23b-1024x1536.jpg 1024w, https:\/\/www.gkl-rijeka.hr\/wp-content\/uploads\/2025\/12\/Lino-Brozic\u0301_23b-1366x2048.jpg 1366w, https:\/\/www.gkl-rijeka.hr\/wp-content\/uploads\/2025\/12\/Lino-Brozic\u0301_23b-1080x1620.jpg 1080w, https:\/\/www.gkl-rijeka.hr\/wp-content\/uploads\/2025\/12\/Lino-Brozic\u0301_23b.jpg 1467w\" sizes=\"(max-width: 349px) 100vw, 349px\" \/><\/p>\n<p>Nagrada publike za najbolju predstavu za predstavu \u201eVrlo gladna gusjenica\u201c, Revija lutkarskih kazali\u0161ta, Rijeka, 2022.<\/p>\n<p>Nagrada ansamblu predstave \u201eVrlo gladna gusjenica\u201c za kolektivnu igru, PIF, Zagreb, 2022.<\/p>\n<p>Nagrada za najbolju re\u017eiju i nagrada za najbolju predstavu u cjelini za predstavu \u201eEmet\u201c u produkciji HNK Osijek, festival Maruli\u0107evi dani, Split, 2019.<\/p>\n<p>Nagrada &#8221;Pokvareni Zub&#8221;, Zlatni Zub Pore\u010d, FERR, Instant seksualni odgoj, 2012.<\/p>\n<p>Nagrada &#8221;Fen&#8221; za predstavu \u00a0\u201ePinocchio\u201c u produkciji Teatra Naran\u010da, Festival nezavisne scene Opatija, 2013.<\/p>\n<p>&nbsp;<\/p>\n<p>[\/et_pb_toggle][et_pb_divider admin_label=&#8221;Divider&#8221; color=&#8221;#ffffff&#8221; show_divider=&#8221;on&#8221; divider_style=&#8221;solid&#8221; divider_position=&#8221;top&#8221; hide_on_mobile=&#8221;on&#8221;]<\/p>\n<p>[\/et_pb_divider][et_pb_text admin_label=&#8221;Djelatnici naslov&#8221; background_layout=&#8221;light&#8221; text_orientation=&#8221;left&#8221; text_font_size=&#8221;38&#8243; text_text_color=&#8221;#6ec527&#8243; use_border_color=&#8221;off&#8221; border_color=&#8221;#ffffff&#8221; border_style=&#8221;solid&#8221; custom_margin=&#8221;70px||50px|&#8221; custom_css_main_element=&#8221;font-family: kurale;&#8221;]<\/p>\n<p>Djelatnici<\/p>\n<p>[\/et_pb_text][et_pb_text admin_label=&#8221;Djelatnici popis&#8221; background_layout=&#8221;light&#8221; text_orientation=&#8221;left&#8221; use_border_color=&#8221;off&#8221; border_color=&#8221;#ffffff&#8221; border_style=&#8221;solid&#8221;]<\/p>\n<p>Magdalena Lupi Alvir | ravnateljica<\/p>\n<p>Tea Walter Ru\u017ei\u0107 \/ Helena Juri\u0107 | voditeljica pravnih i op\u0107ih poslova<\/p>\n<p>Vedrana Balen Spin\u010di\u0107 | stru\u010dna suradnica<\/p>\n<p>Ana Su\u0161i\u0107 \/ Jelena A\u017ei\u0107 Gorup | voditeljica promid\u017ebe i marketinga<\/p>\n<p>Ser\u0111o Dla\u010di\u0107 | organizator kazali\u0161ne i scenske tehnike i proizvodnje<\/p>\n<p>Laura Grb\u010di\u0107 | voditeljica ra\u010dunovodstva<\/p>\n<p>Martina \u0160karica | suradnica za ekonomske poslove<\/p>\n<p>Tea Vignjevi\u0107 | blagajna &#8211; ra\u010dunovodstvo<\/p>\n<hr>\n<p><strong>Tehni\u010dko i scensko osoblje<\/strong><\/p>\n<p>Igor Kondi\u0107 | inspicijent<\/p>\n<p>Lu\u010di Vidanovi\u0107 | kreatorica lutaka \/ slikarica \/ tehnologinja<\/p>\n<p>Marija Volkmer | kreatorica lutaka \/ slikarica \/ tehnologinja<\/p>\n<p>Sanjin Ser\u0161i\u0107 | majstor rasvjete<\/p>\n<p>Paulino Girotto | majstor tona<\/p>\n<p>Kristian Katanar | regulater tona i rasvjete<\/p>\n<p>Damir \u0160ev\u010dek | majstor pozornice<\/p>\n<p>Mihajlo Uzelac | zamjenik majstora pozornice<\/p>\n<p>Helena Mio\u010di\u0107 Mandi\u0107 | rekviziter &#8211; kostimer<\/p>\n<p>Dorian Po\u017eari\u0107 | majstor stolar<\/p>\n<hr>\n<p>[\/et_pb_text][et_pb_image admin_label=&#8221;Image&#8221;]<\/p>\n<p>[\/et_pb_image][et_pb_post_title admin_label=&#8221;Post Title&#8221; title=&#8221;off&#8221; meta=&#8221;on&#8221; author=&#8221;off&#8221; date=&#8221;off&#8221; categories=&#8221;on&#8221; comments=&#8221;on&#8221; featured_image=&#8221;on&#8221; featured_placement=&#8221;below&#8221; parallax_effect=&#8221;on&#8221; parallax_method=&#8221;on&#8221; text_orientation=&#8221;left&#8221; text_color=&#8221;dark&#8221; text_background=&#8221;off&#8221; text_bg_color=&#8221;rgba(255,255,255,0.9)&#8221; module_bg_color=&#8221;rgba(255,255,255,0)&#8221; title_all_caps=&#8221;off&#8221; use_border_color=&#8221;off&#8221; border_color=&#8221;#ffffff&#8221; border_style=&#8221;solid&#8221;]<\/p>\n<p>[\/et_pb_post_title][et_pb_image admin_label=&#8221;Image&#8221;]<\/p>\n<p>[\/et_pb_image][\/et_pb_column][\/et_pb_row][\/et_pb_section]<\/p>\n","protected":false},"excerpt":{"rendered":"<p>[et_pb_section admin_label=&#8221;section&#8221;][et_pb_row admin_label=&#8221;Row&#8221;][et_pb_column type=&#8221;4_4&#8243;][et_pb_text admin_label=&#8221;Ansambl naslov&#8221; background_layout=&#8221;light&#8221; text_orientation=&#8221;left&#8221; text_font_size=&#8221;38&#8243; text_text_color=&#8221;#6ec527&#8243; use_border_color=&#8221;off&#8221; border_color=&#8221;#ffffff&#8221; border_style=&#8221;solid&#8221; custom_margin=&#8221;||50px|&#8221; custom_css_main_element=&#8221;font-family: kurale;&#8221;] Ansambl [\/et_pb_text][et_pb_toggle admin_label=&#8221;Alex \u0110akovi\u0107&#8221; title=&#8221;Alex \u0110akovi\u0107&#8221; open=&#8221;off&#8221; use_border_color=&#8221;off&#8221; border_color=&#8221;#ffffff&#8221; border_style=&#8221;solid&#8221; closed_toggle_background_color=&#8221;#ffffff&#8221; icon_color=&#8221;#6ec527&#8243; custom_padding=&#8221;25px|25px|25px|25px&#8221;] Glumac &#8211; lutkar Datum ro\u0111enja: 25. kolovoza 1971. Radno iskustvo:\u00a0Od 1994. se profesionalno bavi glumom, sudjeluje u predstavama Gradskog kazali\u0161ta lutaka Rijeka, HNK Ivana pl. Zajca [&hellip;]<\/p>\n","protected":false},"author":1,"featured_media":0,"parent":0,"menu_order":0,"comment_status":"closed","ping_status":"closed","template":"","meta":{"spay_email":""},"yoast_head":"<!-- This site is optimized with the Yoast SEO plugin v15.1.1 - https:\/\/yoast.com\/wordpress\/plugins\/seo\/ -->\n<meta name=\"robots\" content=\"index, follow, max-snippet:-1, max-image-preview:large, max-video-preview:-1\" \/>\n<link rel=\"canonical\" href=\"https:\/\/www.gkl-rijeka.hr\/index.php\/ansambl-i-djelatnici\/\" \/>\n<meta property=\"og:locale\" content=\"en_US\" \/>\n<meta property=\"og:type\" content=\"article\" \/>\n<meta property=\"og:title\" content=\"Ansambl i djelatnici - Gradsko kazali\u0161te lutaka Rijeka\" \/>\n<meta property=\"og:description\" content=\"[et_pb_section admin_label=&#8221;section&#8221;][et_pb_row admin_label=&#8221;Row&#8221;][et_pb_column type=&#8221;4_4&#8243;][et_pb_text admin_label=&#8221;Ansambl naslov&#8221; background_layout=&#8221;light&#8221; text_orientation=&#8221;left&#8221; text_font_size=&#8221;38&#8243; text_text_color=&#8221;#6ec527&#8243; use_border_color=&#8221;off&#8221; border_color=&#8221;#ffffff&#8221; border_style=&#8221;solid&#8221; custom_margin=&#8221;||50px|&#8221; custom_css_main_element=&#8221;font-family: kurale;&#8221;] Ansambl [\/et_pb_text][et_pb_toggle admin_label=&#8221;Alex \u0110akovi\u0107&#8221; title=&#8221;Alex \u0110akovi\u0107&#8221; open=&#8221;off&#8221; use_border_color=&#8221;off&#8221; border_color=&#8221;#ffffff&#8221; border_style=&#8221;solid&#8221; closed_toggle_background_color=&#8221;#ffffff&#8221; icon_color=&#8221;#6ec527&#8243; custom_padding=&#8221;25px|25px|25px|25px&#8221;] Glumac &#8211; lutkar Datum ro\u0111enja: 25. kolovoza 1971. Radno iskustvo:\u00a0Od 1994. se profesionalno bavi glumom, sudjeluje u predstavama Gradskog kazali\u0161ta lutaka Rijeka, HNK Ivana pl. Zajca [&hellip;]\" \/>\n<meta property=\"og:url\" content=\"https:\/\/www.gkl-rijeka.hr\/index.php\/ansambl-i-djelatnici\/\" \/>\n<meta property=\"og:site_name\" content=\"Gradsko kazali\u0161te lutaka Rijeka\" \/>\n<meta property=\"article:publisher\" content=\"https:\/\/www.facebook.com\/gkl.rijeka\" \/>\n<meta property=\"article:modified_time\" content=\"2026-02-19T14:34:04+00:00\" \/>\n<meta property=\"og:image\" content=\"http:\/\/www.gkl-rijeka.hr\/wp-content\/uploads\/2015\/12\/IMG_9501-400x300.jpg\" \/>\n<meta property=\"fb:app_id\" content=\"368762594246882\" \/>\n<meta name=\"twitter:card\" content=\"summary\" \/>\n<script type=\"application\/ld+json\" class=\"yoast-schema-graph\">{\"@context\":\"https:\/\/schema.org\",\"@graph\":[{\"@type\":\"Organization\",\"@id\":\"https:\/\/www.gkl-rijeka.hr\/#organization\",\"name\":\"Gradsko kazali\\u0161te lutaka Rijeka\",\"url\":\"https:\/\/www.gkl-rijeka.hr\/\",\"sameAs\":[\"https:\/\/www.facebook.com\/gkl.rijeka\"],\"logo\":{\"@type\":\"ImageObject\",\"@id\":\"https:\/\/www.gkl-rijeka.hr\/#logo\",\"inLanguage\":\"en-US\",\"url\":\"https:\/\/www.gkl-rijeka.hr\/wp-content\/uploads\/2020\/10\/logo_boja_01.png?wsr\",\"width\":209,\"height\":280,\"caption\":\"Gradsko kazali\\u0161te lutaka Rijeka\"},\"image\":{\"@id\":\"https:\/\/www.gkl-rijeka.hr\/#logo\"}},{\"@type\":\"WebSite\",\"@id\":\"https:\/\/www.gkl-rijeka.hr\/#website\",\"url\":\"https:\/\/www.gkl-rijeka.hr\/\",\"name\":\"Gradsko kazali\\u0161te lutaka Rijeka\",\"description\":\"\",\"publisher\":{\"@id\":\"https:\/\/www.gkl-rijeka.hr\/#organization\"},\"potentialAction\":[{\"@type\":\"SearchAction\",\"target\":\"https:\/\/www.gkl-rijeka.hr\/?s={search_term_string}\",\"query-input\":\"required name=search_term_string\"}],\"inLanguage\":\"en-US\"},{\"@type\":\"ImageObject\",\"@id\":\"https:\/\/www.gkl-rijeka.hr\/index.php\/ansambl-i-djelatnici\/#primaryimage\",\"inLanguage\":\"en-US\",\"url\":\"http:\/\/www.gkl-rijeka.hr\/wp-content\/uploads\/2015\/12\/IMG_9501-400x300.jpg\"},{\"@type\":\"WebPage\",\"@id\":\"https:\/\/www.gkl-rijeka.hr\/index.php\/ansambl-i-djelatnici\/#webpage\",\"url\":\"https:\/\/www.gkl-rijeka.hr\/index.php\/ansambl-i-djelatnici\/\",\"name\":\"Ansambl i djelatnici - Gradsko kazali\\u0161te lutaka Rijeka\",\"isPartOf\":{\"@id\":\"https:\/\/www.gkl-rijeka.hr\/#website\"},\"primaryImageOfPage\":{\"@id\":\"https:\/\/www.gkl-rijeka.hr\/index.php\/ansambl-i-djelatnici\/#primaryimage\"},\"datePublished\":\"2015-10-05T09:11:47+00:00\",\"dateModified\":\"2026-02-19T14:34:04+00:00\",\"inLanguage\":\"en-US\",\"potentialAction\":[{\"@type\":\"ReadAction\",\"target\":[\"https:\/\/www.gkl-rijeka.hr\/index.php\/ansambl-i-djelatnici\/\"]}]}]}<\/script>\n<!-- \/ Yoast SEO plugin. -->","_links":{"self":[{"href":"https:\/\/www.gkl-rijeka.hr\/index.php\/wp-json\/wp\/v2\/pages\/1672"}],"collection":[{"href":"https:\/\/www.gkl-rijeka.hr\/index.php\/wp-json\/wp\/v2\/pages"}],"about":[{"href":"https:\/\/www.gkl-rijeka.hr\/index.php\/wp-json\/wp\/v2\/types\/page"}],"author":[{"embeddable":true,"href":"https:\/\/www.gkl-rijeka.hr\/index.php\/wp-json\/wp\/v2\/users\/1"}],"replies":[{"embeddable":true,"href":"https:\/\/www.gkl-rijeka.hr\/index.php\/wp-json\/wp\/v2\/comments?post=1672"}],"version-history":[{"count":102,"href":"https:\/\/www.gkl-rijeka.hr\/index.php\/wp-json\/wp\/v2\/pages\/1672\/revisions"}],"predecessor-version":[{"id":17610,"href":"https:\/\/www.gkl-rijeka.hr\/index.php\/wp-json\/wp\/v2\/pages\/1672\/revisions\/17610"}],"wp:attachment":[{"href":"https:\/\/www.gkl-rijeka.hr\/index.php\/wp-json\/wp\/v2\/media?parent=1672"}],"curies":[{"name":"wp","href":"https:\/\/api.w.org\/{rel}","templated":true}]}}