{"id":6994,"date":"2019-06-06T14:43:34","date_gmt":"2019-06-06T12:43:34","guid":{"rendered":"http:\/\/www.gkl-rijeka.hr\/?page_id=6994"},"modified":"2023-01-26T19:22:09","modified_gmt":"2023-01-26T19:22:09","slug":"wandina_mala_radionica","status":"publish","type":"page","link":"https:\/\/www.gkl-rijeka.hr\/index.php\/wandina_mala_radionica\/","title":{"rendered":"Wandina mala radionica"},"content":{"rendered":"<p>[et_pb_section admin_label=&#8221;section&#8221; transparent_background=&#8221;off&#8221; allow_player_pause=&#8221;off&#8221; inner_shadow=&#8221;off&#8221; parallax=&#8221;off&#8221; parallax_method=&#8221;off&#8221; padding_mobile=&#8221;off&#8221; make_fullwidth=&#8221;off&#8221; use_custom_width=&#8221;off&#8221; width_unit=&#8221;on&#8221; make_equal=&#8221;off&#8221; use_custom_gutter=&#8221;off&#8221; background_color=&#8221;#dd5252&#8243;][et_pb_row admin_label=&#8221;row&#8221;][et_pb_column type=&#8221;1_2&#8243;][et_pb_text admin_label=&#8221;Naslov&#8221; background_layout=&#8221;light&#8221; text_orientation=&#8221;left&#8221; use_border_color=&#8221;off&#8221; border_color=&#8221;#ffffff&#8221; border_style=&#8221;solid&#8221; custom_css_main_element=&#8221;font-family: Sue Ellen Francisco, cursive;&#8221; text_font_size=&#8221;46&#8243; custom_margin=&#8221;60px||10px|&#8221; text_line_height=&#8221;1em&#8221;]<\/p>\n<p>WANDINA MALA<\/p>\n<p>[\/et_pb_text][et_pb_text admin_label=&#8221;Naslov&#8221; background_layout=&#8221;light&#8221; text_orientation=&#8221;left&#8221; use_border_color=&#8221;off&#8221; border_color=&#8221;#ffffff&#8221; border_style=&#8221;solid&#8221; custom_css_main_element=&#8221;font-family: Sue Ellen Francisco, cursive;&#8221; text_font_size=&#8221;80&#8243; custom_margin=&#8221;||20px|&#8221; text_line_height=&#8221;1em&#8221;]<\/p>\n<p>RADIONICA<\/p>\n<p>[\/et_pb_text][et_pb_text admin_label=&#8221;Text&#8221; background_layout=&#8221;dark&#8221; text_orientation=&#8221;left&#8221; text_font_size=&#8221;16&#8243; use_border_color=&#8221;off&#8221; border_color=&#8221;#ffffff&#8221; border_style=&#8221;solid&#8221;]<\/p>\n<p><strong>radionica izrade igra\u010daka od filca<\/strong><\/p>\n<p>U fokusu same radionice nalazi se kreativnost te se djecu\u00a0 nastoji usmjeravati ka nesputanom kreativnom likovnom izra\u017eavanju i oblikovanju. Glavni medij kreativnog izra\u017eavanja u ovoj radionici je industrijski filc raznih boja. Tematika oblikovanja filca vezana je uz predstavu <em>Wanda LaVanda<\/em> i njenog glavnog lika, ov\u010dice Wande. Uz stru\u010dno vodstvo polaznici ove radionice upoznat \u0107e se pobli\u017ee s likovnim materijalom \u2013 industrijskim filcom i njegovim mogu\u0107nostima oblikovanja, rezanja, punjenja, \u0161ivanja, lijepljenja.<\/p>\n<p>Polaznici se mogu na zanimljiv na\u010din uklju\u010diti i na taj na\u010din izraziti svoje potrebe i sposobnosti. Aktivnim sudjelovanjem na radionici kod svakog se djeteta razvija i poti\u010de timski rad, uspostavlja se dijalog, aktivno slu\u0161anje te razmjena iskustava. Kreativnim izri\u010dajem uz kori\u0161tenje likovnih tehnika oblikovanja filca svakom se djetetu omogu\u0107uje da uspje\u0161no razvija svoje potencijale u skladu sa svojim sposobnostima.<\/p>\n<p>&nbsp;<\/p>\n<p>za uzrast: 4+<\/p>\n<p>maksimalan broj sudionika: 30<\/p>\n<p>trajanje: uz izvedbu predstave Wanda LaVanda max. 120 min; samostalno 90 min.<\/p>\n<p>[\/et_pb_text][\/et_pb_column][et_pb_column type=&#8221;1_2&#8243;][et_pb_image admin_label=&#8221;Image&#8221; src=&#8221;http:\/\/www.gkl-rijeka.hr\/wp-content\/uploads\/2019\/06\/gfhfhfhhh-1.jpg&#8221; show_in_lightbox=&#8221;on&#8221; url_new_window=&#8221;off&#8221; animation=&#8221;top&#8221; sticky=&#8221;off&#8221; align=&#8221;left&#8221; force_fullwidth=&#8221;off&#8221; always_center_on_mobile=&#8221;on&#8221; use_border_color=&#8221;on&#8221; border_color=&#8221;#ffffff&#8221; border_style=&#8221;solid&#8221; border_width=&#8221;20px&#8221;] [\/et_pb_image][\/et_pb_column][\/et_pb_row][et_pb_row admin_label=&#8221;Row&#8221; make_fullwidth=&#8221;off&#8221; use_custom_width=&#8221;off&#8221; width_unit=&#8221;on&#8221; use_custom_gutter=&#8221;off&#8221; padding_mobile=&#8221;off&#8221; allow_player_pause=&#8221;off&#8221; parallax=&#8221;off&#8221; parallax_method=&#8221;off&#8221; make_equal=&#8221;off&#8221; column_padding_mobile=&#8221;on&#8221; custom_padding=&#8221;|100px&#8221;][et_pb_column type=&#8221;4_4&#8243;][et_pb_gallery admin_label=&#8221;Slajder slika&#8221; gallery_ids=&#8221;7066,3212,7069,3213&#8243; fullwidth=&#8221;on&#8221; show_title_and_caption=&#8221;off&#8221; show_pagination=&#8221;on&#8221; background_layout=&#8221;dark&#8221; auto=&#8221;on&#8221; auto_speed=&#8221;5000&#8243; hover_overlay_color=&#8221;rgba(255,255,255,0.9)&#8221; caption_all_caps=&#8221;off&#8221; use_border_color=&#8221;off&#8221; border_color=&#8221;#ffffff&#8221; border_style=&#8221;solid&#8221; module_class=&#8221;slajderProjekti&#8221;] [\/et_pb_gallery][\/et_pb_column][\/et_pb_row][\/et_pb_section][et_pb_section admin_label=&#8221;Projekti01&#8243; global_module=&#8221;11402&#8243; fullwidth=&#8221;off&#8221; specialty=&#8221;off&#8221; transparent_background=&#8221;off&#8221; background_color=&#8221;#002d5a&#8221; allow_player_pause=&#8221;off&#8221; inner_shadow=&#8221;off&#8221; parallax=&#8221;off&#8221; parallax_method=&#8221;off&#8221; custom_padding=&#8221;20px|10px&#8221; padding_mobile=&#8221;on&#8221; make_fullwidth=&#8221;off&#8221; use_custom_width=&#8221;off&#8221; width_unit=&#8221;on&#8221; make_equal=&#8221;off&#8221; use_custom_gutter=&#8221;off&#8221; module_id=&#8221;Projekti01&#8243; module_class=&#8221;Projekti01c&#8221;][et_pb_row global_parent=&#8221;11402&#8243; admin_label=&#8221;Row&#8221; make_fullwidth=&#8221;off&#8221; use_custom_width=&#8221;off&#8221; width_unit=&#8221;on&#8221; use_custom_gutter=&#8221;off&#8221; gutter_width=&#8221;1&#8243; padding_mobile=&#8221;off&#8221; allow_player_pause=&#8221;off&#8221; parallax=&#8221;off&#8221; parallax_method=&#8221;off&#8221; make_equal=&#8221;on&#8221; column_padding_mobile=&#8221;on&#8221; background_color_1=&#8221;rgba(0,0,0,0)&#8221; module_id=&#8221;naslovnaProjektiRow01&#8243; background_color_2=&#8221;rgba(0,0,0,0)&#8221; background_color_3=&#8221;rgba(0,0,0,0)&#8221; background_color_4=&#8221;rgba(0,0,0,0)&#8221; padding_right_4=&#8221;0&#8243; padding_left_4=&#8221;0&#8243; custom_padding=&#8221;40px|&#8221;][et_pb_column type=&#8221;1_4&#8243;][et_pb_text global_parent=&#8221;11402&#8243; admin_label=&#8221;naslovWebshop01&#8243; background_layout=&#8221;light&#8221; text_orientation=&#8221;left&#8221; module_id=&#8221;naslovProjekti01&#8243; use_border_color=&#8221;off&#8221; border_color=&#8221;#000000&#8243; border_style=&#8221;dashed&#8221; custom_margin=&#8221;|0px||&#8221; custom_padding=&#8221;|0px||&#8221;]<\/p>\n<h1>Projekti<\/h1>\n<p>[\/et_pb_text][et_pb_image global_parent=&#8221;11402&#8243; admin_label=&#8221;Image&#8221; src=&#8221;https:\/\/www.gkl-rijeka.hr\/wp-content\/uploads\/2023\/01\/Lutkofor.jpg&#8221; show_in_lightbox=&#8221;off&#8221; url=&#8221;\/index.php\/lutkofor\/&#8221; url_new_window=&#8221;off&#8221; animation=&#8221;left&#8221; sticky=&#8221;off&#8221; align=&#8221;left&#8221; force_fullwidth=&#8221;off&#8221; always_center_on_mobile=&#8221;on&#8221; use_border_color=&#8221;off&#8221; border_color=&#8221;#ffffff&#8221; border_style=&#8221;solid&#8221;] [\/et_pb_image][\/et_pb_column][et_pb_column type=&#8221;1_4&#8243;][et_pb_text global_parent=&#8221;11402&#8243; admin_label=&#8221;naslovWebshop01&#8243; background_layout=&#8221;light&#8221; text_orientation=&#8221;left&#8221; module_id=&#8221;naslovProjekti01&#8243; use_border_color=&#8221;off&#8221; border_color=&#8221;#000000&#8243; border_style=&#8221;dashed&#8221; custom_margin=&#8221;|0px||&#8221; custom_padding=&#8221;|0px||&#8221;]<\/p>\n<h1><\/h1>\n<p>[\/et_pb_text][et_pb_image global_parent=&#8221;11402&#8243; admin_label=&#8221;Image&#8221; src=&#8221;https:\/\/www.gkl-rijeka.hr\/wp-content\/uploads\/2023\/01\/radionice.jpg&#8221; show_in_lightbox=&#8221;off&#8221; url=&#8221;\/index.php\/radionice\/&#8221; url_new_window=&#8221;off&#8221; animation=&#8221;left&#8221; sticky=&#8221;off&#8221; align=&#8221;left&#8221; force_fullwidth=&#8221;off&#8221; always_center_on_mobile=&#8221;on&#8221; use_border_color=&#8221;off&#8221; border_color=&#8221;#ffffff&#8221; border_style=&#8221;solid&#8221;] [\/et_pb_image][\/et_pb_column][et_pb_column type=&#8221;1_4&#8243;][et_pb_text global_parent=&#8221;11402&#8243; admin_label=&#8221;naslovWebshop01&#8243; background_layout=&#8221;light&#8221; text_orientation=&#8221;left&#8221; module_id=&#8221;naslovProjekti01&#8243; use_border_color=&#8221;off&#8221; border_color=&#8221;#000000&#8243; border_style=&#8221;dashed&#8221; custom_margin=&#8221;|0px||&#8221; custom_padding=&#8221;|0px||&#8221;]<\/p>\n<h1><\/h1>\n<p>[\/et_pb_text][et_pb_image global_parent=&#8221;11402&#8243; admin_label=&#8221;Image&#8221; src=&#8221;https:\/\/www.gkl-rijeka.hr\/wp-content\/uploads\/2023\/01\/wanda04.png&#8221; show_in_lightbox=&#8221;off&#8221; url=&#8221;\/index.php\/wandina_mala_radionica\/&#8221; url_new_window=&#8221;off&#8221; animation=&#8221;left&#8221; sticky=&#8221;off&#8221; align=&#8221;left&#8221; force_fullwidth=&#8221;off&#8221; always_center_on_mobile=&#8221;on&#8221; use_border_color=&#8221;off&#8221; border_color=&#8221;#ffffff&#8221; border_style=&#8221;solid&#8221;] [\/et_pb_image][\/et_pb_column][et_pb_column type=&#8221;1_4&#8243;][et_pb_text global_parent=&#8221;11402&#8243; admin_label=&#8221;naslovWebshop01&#8243; background_layout=&#8221;light&#8221; text_orientation=&#8221;left&#8221; module_id=&#8221;naslovProjekti01&#8243; use_border_color=&#8221;off&#8221; border_color=&#8221;#000000&#8243; border_style=&#8221;dashed&#8221; custom_margin=&#8221;|0px||&#8221; custom_padding=&#8221;|0px||&#8221;]<\/p>\n<h1><\/h1>\n<p>[\/et_pb_text][et_pb_image global_parent=&#8221;11402&#8243; admin_label=&#8221;Image&#8221; src=&#8221;https:\/\/www.gkl-rijeka.hr\/wp-content\/uploads\/2023\/01\/Teatromanija_main03.png&#8221; show_in_lightbox=&#8221;off&#8221; url=&#8221;\/index.php\/teatromanija\/&#8221; url_new_window=&#8221;off&#8221; animation=&#8221;left&#8221; sticky=&#8221;off&#8221; align=&#8221;left&#8221; force_fullwidth=&#8221;off&#8221; always_center_on_mobile=&#8221;on&#8221; use_border_color=&#8221;off&#8221; border_color=&#8221;#ffffff&#8221; border_style=&#8221;solid&#8221;] [\/et_pb_image][\/et_pb_column][\/et_pb_row][\/et_pb_section][et_pb_section admin_label=&#8221;Section&#8221; fullwidth=&#8221;off&#8221; specialty=&#8221;off&#8221;][et_pb_row admin_label=&#8221;Row&#8221;][et_pb_column type=&#8221;4_4&#8243;][et_pb_divider admin_label=&#8221;Divider&#8221; color=&#8221;#ffffff&#8221; show_divider=&#8221;off&#8221; height=&#8221;40&#8243; divider_style=&#8221;solid&#8221; divider_position=&#8221;top&#8221; hide_on_mobile=&#8221;on&#8221;] [\/et_pb_divider][\/et_pb_column][\/et_pb_row][\/et_pb_section]<\/p>\n","protected":false},"excerpt":{"rendered":"<p>[et_pb_section admin_label=&#8221;section&#8221; transparent_background=&#8221;off&#8221; allow_player_pause=&#8221;off&#8221; inner_shadow=&#8221;off&#8221; parallax=&#8221;off&#8221; parallax_method=&#8221;off&#8221; padding_mobile=&#8221;off&#8221; make_fullwidth=&#8221;off&#8221; use_custom_width=&#8221;off&#8221; width_unit=&#8221;on&#8221; make_equal=&#8221;off&#8221; use_custom_gutter=&#8221;off&#8221; background_color=&#8221;#dd5252&#8243;][et_pb_row admin_label=&#8221;row&#8221;][et_pb_column type=&#8221;1_2&#8243;][et_pb_text admin_label=&#8221;Naslov&#8221; background_layout=&#8221;light&#8221; text_orientation=&#8221;left&#8221; use_border_color=&#8221;off&#8221; border_color=&#8221;#ffffff&#8221; border_style=&#8221;solid&#8221; custom_css_main_element=&#8221;font-family: Sue Ellen Francisco, cursive;&#8221; text_font_size=&#8221;46&#8243; custom_margin=&#8221;60px||10px|&#8221; text_line_height=&#8221;1em&#8221;] WANDINA MALA [\/et_pb_text][et_pb_text admin_label=&#8221;Naslov&#8221; background_layout=&#8221;light&#8221; text_orientation=&#8221;left&#8221; use_border_color=&#8221;off&#8221; border_color=&#8221;#ffffff&#8221; border_style=&#8221;solid&#8221; custom_css_main_element=&#8221;font-family: Sue Ellen Francisco, cursive;&#8221; text_font_size=&#8221;80&#8243; custom_margin=&#8221;||20px|&#8221; text_line_height=&#8221;1em&#8221;] RADIONICA [\/et_pb_text][et_pb_text admin_label=&#8221;Text&#8221; background_layout=&#8221;dark&#8221; text_orientation=&#8221;left&#8221; text_font_size=&#8221;16&#8243; use_border_color=&#8221;off&#8221; border_color=&#8221;#ffffff&#8221; [&hellip;]<\/p>\n","protected":false},"author":3,"featured_media":0,"parent":0,"menu_order":0,"comment_status":"closed","ping_status":"closed","template":"","meta":{"spay_email":""},"yoast_head":"<!-- This site is optimized with the Yoast SEO plugin v15.1.1 - https:\/\/yoast.com\/wordpress\/plugins\/seo\/ -->\n<meta name=\"robots\" content=\"index, follow, max-snippet:-1, max-image-preview:large, max-video-preview:-1\" \/>\n<link rel=\"canonical\" href=\"https:\/\/www.gkl-rijeka.hr\/index.php\/wandina_mala_radionica\/\" \/>\n<meta property=\"og:locale\" content=\"en_US\" \/>\n<meta property=\"og:type\" content=\"article\" \/>\n<meta property=\"og:title\" content=\"Wandina mala radionica - Gradsko kazali\u0161te lutaka Rijeka\" \/>\n<meta property=\"og:description\" content=\"[et_pb_section admin_label=&#8221;section&#8221; transparent_background=&#8221;off&#8221; allow_player_pause=&#8221;off&#8221; inner_shadow=&#8221;off&#8221; parallax=&#8221;off&#8221; parallax_method=&#8221;off&#8221; padding_mobile=&#8221;off&#8221; make_fullwidth=&#8221;off&#8221; use_custom_width=&#8221;off&#8221; width_unit=&#8221;on&#8221; make_equal=&#8221;off&#8221; use_custom_gutter=&#8221;off&#8221; background_color=&#8221;#dd5252&#8243;][et_pb_row admin_label=&#8221;row&#8221;][et_pb_column type=&#8221;1_2&#8243;][et_pb_text admin_label=&#8221;Naslov&#8221; background_layout=&#8221;light&#8221; text_orientation=&#8221;left&#8221; use_border_color=&#8221;off&#8221; border_color=&#8221;#ffffff&#8221; border_style=&#8221;solid&#8221; custom_css_main_element=&#8221;font-family: Sue Ellen Francisco, cursive;&#8221; text_font_size=&#8221;46&#8243; custom_margin=&#8221;60px||10px|&#8221; text_line_height=&#8221;1em&#8221;] WANDINA MALA [\/et_pb_text][et_pb_text admin_label=&#8221;Naslov&#8221; background_layout=&#8221;light&#8221; text_orientation=&#8221;left&#8221; use_border_color=&#8221;off&#8221; border_color=&#8221;#ffffff&#8221; border_style=&#8221;solid&#8221; custom_css_main_element=&#8221;font-family: Sue Ellen Francisco, cursive;&#8221; text_font_size=&#8221;80&#8243; custom_margin=&#8221;||20px|&#8221; text_line_height=&#8221;1em&#8221;] RADIONICA [\/et_pb_text][et_pb_text admin_label=&#8221;Text&#8221; background_layout=&#8221;dark&#8221; text_orientation=&#8221;left&#8221; text_font_size=&#8221;16&#8243; use_border_color=&#8221;off&#8221; border_color=&#8221;#ffffff&#8221; [&hellip;]\" \/>\n<meta property=\"og:url\" content=\"https:\/\/www.gkl-rijeka.hr\/index.php\/wandina_mala_radionica\/\" \/>\n<meta property=\"og:site_name\" content=\"Gradsko kazali\u0161te lutaka Rijeka\" \/>\n<meta property=\"article:publisher\" content=\"https:\/\/www.facebook.com\/gkl.rijeka\" \/>\n<meta property=\"article:modified_time\" content=\"2023-01-26T19:22:09+00:00\" \/>\n<meta property=\"og:image\" content=\"https:\/\/www.gkl-rijeka.hr\/wp-content\/uploads\/2020\/10\/promocije.jpg?wsr\" \/>\n\t<meta property=\"og:image:width\" content=\"1920\" \/>\n\t<meta property=\"og:image:height\" content=\"1059\" \/>\n<meta property=\"fb:app_id\" content=\"368762594246882\" \/>\n<meta name=\"twitter:card\" content=\"summary\" \/>\n<script type=\"application\/ld+json\" class=\"yoast-schema-graph\">{\"@context\":\"https:\/\/schema.org\",\"@graph\":[{\"@type\":\"Organization\",\"@id\":\"https:\/\/www.gkl-rijeka.hr\/#organization\",\"name\":\"Gradsko kazali\\u0161te lutaka Rijeka\",\"url\":\"https:\/\/www.gkl-rijeka.hr\/\",\"sameAs\":[\"https:\/\/www.facebook.com\/gkl.rijeka\"],\"logo\":{\"@type\":\"ImageObject\",\"@id\":\"https:\/\/www.gkl-rijeka.hr\/#logo\",\"inLanguage\":\"en-US\",\"url\":\"https:\/\/www.gkl-rijeka.hr\/wp-content\/uploads\/2020\/10\/logo_boja_01.png?wsr\",\"width\":209,\"height\":280,\"caption\":\"Gradsko kazali\\u0161te lutaka Rijeka\"},\"image\":{\"@id\":\"https:\/\/www.gkl-rijeka.hr\/#logo\"}},{\"@type\":\"WebSite\",\"@id\":\"https:\/\/www.gkl-rijeka.hr\/#website\",\"url\":\"https:\/\/www.gkl-rijeka.hr\/\",\"name\":\"Gradsko kazali\\u0161te lutaka Rijeka\",\"description\":\"\",\"publisher\":{\"@id\":\"https:\/\/www.gkl-rijeka.hr\/#organization\"},\"potentialAction\":[{\"@type\":\"SearchAction\",\"target\":\"https:\/\/www.gkl-rijeka.hr\/?s={search_term_string}\",\"query-input\":\"required name=search_term_string\"}],\"inLanguage\":\"en-US\"},{\"@type\":\"WebPage\",\"@id\":\"https:\/\/www.gkl-rijeka.hr\/index.php\/wandina_mala_radionica\/#webpage\",\"url\":\"https:\/\/www.gkl-rijeka.hr\/index.php\/wandina_mala_radionica\/\",\"name\":\"Wandina mala radionica - Gradsko kazali\\u0161te lutaka Rijeka\",\"isPartOf\":{\"@id\":\"https:\/\/www.gkl-rijeka.hr\/#website\"},\"datePublished\":\"2019-06-06T12:43:34+00:00\",\"dateModified\":\"2023-01-26T19:22:09+00:00\",\"inLanguage\":\"en-US\",\"potentialAction\":[{\"@type\":\"ReadAction\",\"target\":[\"https:\/\/www.gkl-rijeka.hr\/index.php\/wandina_mala_radionica\/\"]}]}]}<\/script>\n<!-- \/ Yoast SEO plugin. -->","_links":{"self":[{"href":"https:\/\/www.gkl-rijeka.hr\/index.php\/wp-json\/wp\/v2\/pages\/6994"}],"collection":[{"href":"https:\/\/www.gkl-rijeka.hr\/index.php\/wp-json\/wp\/v2\/pages"}],"about":[{"href":"https:\/\/www.gkl-rijeka.hr\/index.php\/wp-json\/wp\/v2\/types\/page"}],"author":[{"embeddable":true,"href":"https:\/\/www.gkl-rijeka.hr\/index.php\/wp-json\/wp\/v2\/users\/3"}],"replies":[{"embeddable":true,"href":"https:\/\/www.gkl-rijeka.hr\/index.php\/wp-json\/wp\/v2\/comments?post=6994"}],"version-history":[{"count":17,"href":"https:\/\/www.gkl-rijeka.hr\/index.php\/wp-json\/wp\/v2\/pages\/6994\/revisions"}],"predecessor-version":[{"id":14075,"href":"https:\/\/www.gkl-rijeka.hr\/index.php\/wp-json\/wp\/v2\/pages\/6994\/revisions\/14075"}],"wp:attachment":[{"href":"https:\/\/www.gkl-rijeka.hr\/index.php\/wp-json\/wp\/v2\/media?parent=6994"}],"curies":[{"name":"wp","href":"https:\/\/api.w.org\/{rel}","templated":true}]}}